{"id":6909,"date":"2026-07-21T11:55:13","date_gmt":"2026-07-21T17:55:13","guid":{"rendered":"https:\/\/www.acluidaho.org\/?post_type=campaign&#038;p=6909"},"modified":"2026-08-19T22:55:58","modified_gmt":"2026-08-20T04:55:58","slug":"loscaminosdelavida","status":"publish","type":"campaign","link":"https:\/\/www.acluidaho.org\/es\/campaigns-initiatives\/loscaminosdelavida\/","title":{"rendered":"Los Caminos de La Vida Proyecto de Narraci\u00f3n"},"author":7,"featured_media":7011,"menu_order":0,"template":"","meta":{"_acf_changed":false,"_relevanssi_hide_post":"","_relevanssi_hide_content":"","_relevanssi_pin_for_all":"","_relevanssi_pin_keywords":"","_relevanssi_unpin_keywords":"","_relevanssi_related_keywords":"","_relevanssi_related_include_ids":"","_relevanssi_related_exclude_ids":"","_relevanssi_related_no_append":"","_relevanssi_related_not_related":"","_relevanssi_related_posts":"","_relevanssi_noindex_reason":""},"class_list":["post-6909","campaign","type-campaign","status-publish","has-post-thumbnail","hentry"],"acf":{"page_type":"campaign","hide_on_campaigns_landing_page":false,"hero_image":7011,"mobile_hero_image":7011,"hero_video":null,"hide_mute_button":[],"description_header":"","description_text":"<em>Un proyecto creado para amplificar las voces de nuestra comunidad inmigrante de Idaho.<\/em>","cta_type":"custom_cta","email_cta_header":"","email_cta_text":"","custom_cta_header":"","custom_cta_text":"","cta_button_text":"Env\u00eda tu historia","cta_button_link":"https:\/\/voicecast.app\/loscaminosdelavida","secondary_cta_text":"","secondary_cta_link":"","components":[{"acf_fc_layout":"text","text":{"text":"<a href=\"https:\/\/www.acluidaho.org\/campaigns-initiatives\/los-caminos-de-la-vida-the-walks-of-life-storytelling-project\/\">CLICK HERE FOR ENGLISH<\/a>"}},{"acf_fc_layout":"notice","notice":{"":null,"title":"Informaci\u00f3n Sobre el Proyecto","text":"<em>Los Caminos de la Vida es un proyecto de artivismo (arte + activismo) del programa SOMOS de la ACLU de Idaho, una iniciativa que busca desafiar la desinformaci\u00f3n y las narrativas da\u00f1inas sobre las personas inmigrantes y la comunidad Latina\/e en Idaho a trav\u00e9s de la narraci\u00f3n de historias.<\/em>\r\n\r\n<em>Este proyecto tiene como objetivo educar a las personas que no son inmigrantes sobre los desaf\u00edos que enfrentan muchas familias inmigrantes debido a un sistema que les ha fallado, compartiendo sus historias y experiencias de vida para combatir las representaciones negativas y generalizadas sobre ellas.<\/em>\r\n\r\nSi est\u00e1s interesado en aprender m\u00e1s sobre el proyecto, por favor consulta nuestra p\u00e1gina de <a href=\"https:\/\/www.acluidaho.org\/walks-of-life-faq\/\">preguntas frecuentes.<\/a>","color-scheme":"white"}},{"acf_fc_layout":"shared-expandable-card","shared-expandable-card":{"":null,"title":"Comparte tu Historia:","description":"<strong>\u00bfQui\u00e9n puede participar en este proyecto?<\/strong>\r\n\r\n<strong>PERSONAS INMIGRANTES.<\/strong> Esto incluye a personas sin estatus migratorio, beneficiarios de DACA, personas con TPS, personas que anteriormente no ten\u00edan estatus migratorio y que ahora cuentan con un estatus legal (por ejemplo, residentes permanentes con una tarjeta de residencia (<em>green card<\/em>) o personas que ahora tienen ciudadan\u00eda)\r\n\r\n_______________________________________________________________________________\r\n\r\nPor favor, <strong>ELIJA SOLO UNA<\/strong> de las siguientes preguntas para responder y <strong>grabar su respuesta de audio<\/strong> siguiendo el enlace de abajo:\r\n\r\n&nbsp;\r\n\r\n<strong>Opci\u00f3n 1:<\/strong> \u00bfCu\u00e1l es la raz\u00f3n o el motivo que los inspir\u00f3 a usted y\/o a su familia a emigrar a los Estados Unidos, y espec\u00edficamente a Idaho?\r\n\r\n<strong>Opci\u00f3n 2:<\/strong> \u00bfQu\u00e9 le gustar\u00eda que las personas que no son inmigrantes entendieran sobre el proceso de inmigraci\u00f3n?\r\n\r\n<strong>Opci\u00f3n 3:<\/strong> \u00bfC\u00f3mo fue su experiencia al desenvolverse en el sistema de inmigraci\u00f3n de los Estados Unidos? \u00bfQu\u00e9 obst\u00e1culos, tales como costos, preparaci\u00f3n de documentaci\u00f3n, barreras ling\u00fc\u00edsticas o requisitos legales \u2014 encontr\u00f3 en el camino?\r\n\r\n<strong>___________________________________________________<\/strong>\r\n\r\n<strong>RECORDATORIOS:<\/strong>\r\n\r\n1) Tu historia <strong>NO deber\u00eda durar m\u00e1s de dos minutos.<\/strong>\r\n\r\n2) Por favor, comparta <strong>SOLO su primer nombre<\/strong> (NO su apellido) para poder mantener su identidad privada.\r\n\r\n3) Por favor, <strong>comparte la ciudad\/pueblo y el pa\u00eds<\/strong> donde naciste.\r\n\r\n4) Encuentra una habitaci\u00f3n tranquila.\r\n\r\n5) Si necesitas ayuda sobre c\u00f3mo empezar tu historia, puedes empezar as\u00ed:\r\nEjemplo: Mi nombre es <strong>(SOLO<\/strong> primer nombre). Nac\u00ed en \/ o originalmente soy de (estado y pais donde naciste)__...\r\n\r\n&nbsp;\r\n\r\nAHORA CUENTA TU HISTORIA RESPONDIENDO <strong>SOLO A UNA<\/strong> DE LAS PREGUNTAS DE LA LISTA.\r\n\r\n&nbsp;","content":"","link":"https:\/\/voicecast.app\/loscaminosdelavida","link_button_text":"GRABAR MI HISTORIA","image":7018,"width":"full"}},{"acf_fc_layout":"notice","notice":{"":null,"title":"Cont\u00e1ctenos","text":"Si tienes preguntas sobre este proyecto o experimentas problemas al enviar tu historia, env\u00eda un email a <a href=\"mailto:rguerrero@acluidaho.org\">Rosseli Guerrero<\/a>.\r\n\r\nGracias por tu vulnerabilidad y tu tiempo. Tu historia ayudar\u00e1 a avanzar hacia un cambio en la narrativa sobre la inmigraci\u00f3n y, sobre todo, permitir\u00e1 que otras personas en tu misma situaci\u00f3n se sientan identificadas.","color-scheme":"white"}},{"acf_fc_layout":"buttons","buttons":{"primary":{"text":"ENVIAR SU HISTORIA","link":"https:\/\/voicecast.app\/loscaminosdelavida"},"secondary":{"text":"","link":""}}}],"featured_cases_section":{"enable_featured_cases":false,"title":"Featured Cases","description":"","featured_cases":null},"issues":null,"related_content":null,"documents":null},"yoast_head":"<!-- This site is optimized with the Yoast SEO plugin v24.9 - https:\/\/yoast.com\/wordpress\/plugins\/seo\/ -->\n<title>Los Caminos de La Vida Proyecto de Narraci\u00f3n - ACLU of Idaho<\/title>\n<meta name=\"robots\" content=\"index, follow, max-snippet:-1, max-image-preview:large, max-video-preview:-1\" \/>\n<link rel=\"canonical\" href=\"https:\/\/www.acluidaho.org\/es\/campaigns-initiatives\/loscaminosdelavida\/\" \/>\n<meta property=\"og:locale\" content=\"es_ES\" \/>\n<meta property=\"og:type\" content=\"article\" \/>\n<meta property=\"og:title\" content=\"Los Caminos de La Vida Proyecto de Narraci\u00f3n - ACLU of Idaho\" \/>\n<meta property=\"og:description\" content=\"Un proyecto creado para amplificar las voces de nuestra comunidad inmigrante de Idaho.\" \/>\n<meta property=\"og:url\" content=\"https:\/\/www.acluidaho.org\/es\/campaigns-initiatives\/loscaminosdelavida\/\" \/>\n<meta property=\"og:site_name\" content=\"ACLU of Idaho\" \/>\n<meta property=\"article:modified_time\" content=\"2026-08-20T04:55:58+00:00\" \/>\n<meta property=\"og:image\" content=\"https:\/\/www.acluidaho.org\/app\/uploads\/2026\/07\/Untitled-design-14.jpg\" \/>\n\t<meta property=\"og:image:width\" content=\"851\" \/>\n\t<meta property=\"og:image:height\" content=\"315\" \/>\n\t<meta property=\"og:image:type\" content=\"image\/jpeg\" \/>\n<meta name=\"twitter:card\" content=\"summary_large_image\" \/>\n<script type=\"application\/ld+json\" class=\"yoast-schema-graph\">{\"@context\":\"https:\/\/schema.org\",\"@graph\":[{\"@type\":\"WebPage\",\"@id\":\"https:\/\/www.acluidaho.org\/es\/campaigns-initiatives\/loscaminosdelavida\/\",\"url\":\"https:\/\/www.acluidaho.org\/es\/campaigns-initiatives\/loscaminosdelavida\/\",\"name\":\"Los Caminos de La Vida Proyecto de Narraci\u00f3n - ACLU of Idaho\",\"isPartOf\":{\"@id\":\"https:\/\/www.acluidaho.org\/#website\"},\"primaryImageOfPage\":{\"@id\":\"https:\/\/www.acluidaho.org\/es\/campaigns-initiatives\/loscaminosdelavida\/#primaryimage\"},\"image\":{\"@id\":\"https:\/\/www.acluidaho.org\/es\/campaigns-initiatives\/loscaminosdelavida\/#primaryimage\"},\"thumbnailUrl\":\"https:\/\/www.acluidaho.org\/app\/uploads\/2026\/07\/Untitled-design-14.jpg\",\"datePublished\":\"2026-07-21T17:55:13+00:00\",\"dateModified\":\"2026-08-20T04:55:58+00:00\",\"inLanguage\":\"es-ES\",\"potentialAction\":[{\"@type\":\"ReadAction\",\"target\":[\"https:\/\/www.acluidaho.org\/es\/campaigns-initiatives\/loscaminosdelavida\/\"]}]},{\"@type\":\"ImageObject\",\"inLanguage\":\"es-ES\",\"@id\":\"https:\/\/www.acluidaho.org\/es\/campaigns-initiatives\/loscaminosdelavida\/#primaryimage\",\"url\":\"https:\/\/www.acluidaho.org\/app\/uploads\/2026\/07\/Untitled-design-14.jpg\",\"contentUrl\":\"https:\/\/www.acluidaho.org\/app\/uploads\/2026\/07\/Untitled-design-14.jpg\",\"width\":851,\"height\":315,\"caption\":\"Hombre caminando hacia una bandera estadounidense. Hay un mapa en el lado izquierdo de Sudam\u00e9rica. Imagen en blanco y negro. La bandera estadounidense es la \u00fanica imagen con color\"},{\"@type\":\"BreadcrumbList\",\"@id\":\"https:\/\/www.acluidaho.org\/es\/campaigns-initiatives\/loscaminosdelavida\/#breadcrumb\",\"itemListElement\":[{\"@type\":\"ListItem\",\"position\":1,\"name\":\"Campaigns\",\"item\":\"https:\/\/www.acluidaho.org\/campaigns-initiatives\/\"},{\"@type\":\"ListItem\",\"position\":2,\"name\":\"Los Caminos de La Vida Proyecto de Narraci\u00f3n\"}]},{\"@type\":\"WebSite\",\"@id\":\"https:\/\/www.acluidaho.org\/#website\",\"url\":\"https:\/\/www.acluidaho.org\/\",\"name\":\"ACLU of Idaho\",\"description\":\"\",\"publisher\":{\"@id\":\"https:\/\/www.acluidaho.org\/#organization\"},\"potentialAction\":[{\"@type\":\"SearchAction\",\"target\":{\"@type\":\"EntryPoint\",\"urlTemplate\":\"https:\/\/www.acluidaho.org\/?s={search_term_string}\"},\"query-input\":{\"@type\":\"PropertyValueSpecification\",\"valueRequired\":true,\"valueName\":\"search_term_string\"}}],\"inLanguage\":\"es-ES\"},{\"@type\":\"Organization\",\"@id\":\"https:\/\/www.acluidaho.org\/#organization\",\"name\":\"ACLU of Idaho\",\"url\":\"https:\/\/www.acluidaho.org\/\",\"logo\":{\"@type\":\"ImageObject\",\"inLanguage\":\"es-ES\",\"@id\":\"https:\/\/www.acluidaho.org\/#\/schema\/logo\/image\/\",\"url\":\"https:\/\/www.acluidaho.org\/app\/uploads\/2025\/09\/ACLU_Idaho_Moblie-Web_Color_RGB.png\",\"contentUrl\":\"https:\/\/www.acluidaho.org\/app\/uploads\/2025\/09\/ACLU_Idaho_Moblie-Web_Color_RGB.png\",\"width\":2084,\"height\":2084,\"caption\":\"ACLU of Idaho\"},\"image\":{\"@id\":\"https:\/\/www.acluidaho.org\/#\/schema\/logo\/image\/\"}}]}<\/script>\n<!-- \/ Yoast SEO plugin. -->","yoast_head_json":{"title":"Los Caminos de La Vida Proyecto de Narraci\u00f3n - ACLU of Idaho","robots":{"index":"index","follow":"follow","max-snippet":"max-snippet:-1","max-image-preview":"max-image-preview:large","max-video-preview":"max-video-preview:-1"},"canonical":"https:\/\/www.acluidaho.org\/es\/campaigns-initiatives\/loscaminosdelavida\/","og_locale":"es_ES","og_type":"article","og_title":"Los Caminos de La Vida Proyecto de Narraci\u00f3n - ACLU of Idaho","og_description":"Un proyecto creado para amplificar las voces de nuestra comunidad inmigrante de Idaho.","og_url":"https:\/\/www.acluidaho.org\/es\/campaigns-initiatives\/loscaminosdelavida\/","og_site_name":"ACLU of Idaho","article_modified_time":"2026-08-20T04:55:58+00:00","og_image":[{"width":851,"height":315,"url":"https:\/\/www.acluidaho.org\/app\/uploads\/2026\/07\/Untitled-design-14.jpg","type":"image\/jpeg"}],"twitter_card":"summary_large_image","schema":{"@context":"https:\/\/schema.org","@graph":[{"@type":"WebPage","@id":"https:\/\/www.acluidaho.org\/es\/campaigns-initiatives\/loscaminosdelavida\/","url":"https:\/\/www.acluidaho.org\/es\/campaigns-initiatives\/loscaminosdelavida\/","name":"Los Caminos de La Vida Proyecto de Narraci\u00f3n - ACLU of Idaho","isPartOf":{"@id":"https:\/\/www.acluidaho.org\/#website"},"primaryImageOfPage":{"@id":"https:\/\/www.acluidaho.org\/es\/campaigns-initiatives\/loscaminosdelavida\/#primaryimage"},"image":{"@id":"https:\/\/www.acluidaho.org\/es\/campaigns-initiatives\/loscaminosdelavida\/#primaryimage"},"thumbnailUrl":"https:\/\/www.acluidaho.org\/app\/uploads\/2026\/07\/Untitled-design-14.jpg","datePublished":"2026-07-21T17:55:13+00:00","dateModified":"2026-08-20T04:55:58+00:00","inLanguage":"es-ES","potentialAction":[{"@type":"ReadAction","target":["https:\/\/www.acluidaho.org\/es\/campaigns-initiatives\/loscaminosdelavida\/"]}]},{"@type":"ImageObject","inLanguage":"es-ES","@id":"https:\/\/www.acluidaho.org\/es\/campaigns-initiatives\/loscaminosdelavida\/#primaryimage","url":"https:\/\/www.acluidaho.org\/app\/uploads\/2026\/07\/Untitled-design-14.jpg","contentUrl":"https:\/\/www.acluidaho.org\/app\/uploads\/2026\/07\/Untitled-design-14.jpg","width":851,"height":315,"caption":"Hombre caminando hacia una bandera estadounidense. Hay un mapa en el lado izquierdo de Sudam\u00e9rica. Imagen en blanco y negro. La bandera estadounidense es la \u00fanica imagen con color"},{"@type":"BreadcrumbList","@id":"https:\/\/www.acluidaho.org\/es\/campaigns-initiatives\/loscaminosdelavida\/#breadcrumb","itemListElement":[{"@type":"ListItem","position":1,"name":"Campaigns","item":"https:\/\/www.acluidaho.org\/campaigns-initiatives\/"},{"@type":"ListItem","position":2,"name":"Los Caminos de La Vida Proyecto de Narraci\u00f3n"}]},{"@type":"WebSite","@id":"https:\/\/www.acluidaho.org\/#website","url":"https:\/\/www.acluidaho.org\/","name":"ACLU of Idaho","description":"","publisher":{"@id":"https:\/\/www.acluidaho.org\/#organization"},"potentialAction":[{"@type":"SearchAction","target":{"@type":"EntryPoint","urlTemplate":"https:\/\/www.acluidaho.org\/?s={search_term_string}"},"query-input":{"@type":"PropertyValueSpecification","valueRequired":true,"valueName":"search_term_string"}}],"inLanguage":"es-ES"},{"@type":"Organization","@id":"https:\/\/www.acluidaho.org\/#organization","name":"ACLU of Idaho","url":"https:\/\/www.acluidaho.org\/","logo":{"@type":"ImageObject","inLanguage":"es-ES","@id":"https:\/\/www.acluidaho.org\/#\/schema\/logo\/image\/","url":"https:\/\/www.acluidaho.org\/app\/uploads\/2025\/09\/ACLU_Idaho_Moblie-Web_Color_RGB.png","contentUrl":"https:\/\/www.acluidaho.org\/app\/uploads\/2025\/09\/ACLU_Idaho_Moblie-Web_Color_RGB.png","width":2084,"height":2084,"caption":"ACLU of Idaho"},"image":{"@id":"https:\/\/www.acluidaho.org\/#\/schema\/logo\/image\/"}}]}},"distributor_meta":false,"distributor_terms":false,"distributor_media":false,"distributor_original_site_name":"ACLU of Idaho","distributor_original_site_url":"https:\/\/www.acluidaho.org\/es\/","push-errors":false,"_links":{"self":[{"href":"https:\/\/www.acluidaho.org\/es\/wp-json\/wp\/v2\/campaign\/6909","targetHints":{"allow":["GET"]}}],"collection":[{"href":"https:\/\/www.acluidaho.org\/es\/wp-json\/wp\/v2\/campaign"}],"about":[{"href":"https:\/\/www.acluidaho.org\/es\/wp-json\/wp\/v2\/types\/campaign"}],"author":[{"embeddable":true,"href":"https:\/\/www.acluidaho.org\/es\/wp-json\/wp\/v2\/users\/7"}],"version-history":[{"count":21,"href":"https:\/\/www.acluidaho.org\/es\/wp-json\/wp\/v2\/campaign\/6909\/revisions"}],"predecessor-version":[{"id":7054,"href":"https:\/\/www.acluidaho.org\/es\/wp-json\/wp\/v2\/campaign\/6909\/revisions\/7054"}],"wp:featuredmedia":[{"embeddable":true,"href":"https:\/\/www.acluidaho.org\/es\/wp-json\/wp\/v2\/media\/7011"}],"wp:attachment":[{"href":"https:\/\/www.acluidaho.org\/es\/wp-json\/wp\/v2\/media?parent=6909"}],"curies":[{"name":"wp","href":"https:\/\/api.w.org\/{rel}","templated":true}]}}