{"id":2041,"date":"2023-06-06T16:30:00","date_gmt":"2023-06-06T20:30:00","guid":{"rendered":"https:\/\/www.acluidaho.org\/sonia\/"},"modified":"2023-06-06T16:30:00","modified_gmt":"2023-06-06T20:30:00","slug":"sonia","status":"publish","type":"page","link":"https:\/\/www.acluidaho.org\/es\/sonia\/","title":{"rendered":"Sonia"},"content":{"rendered":"<p>Sonia es una latina que trabaja en educaci\u00f3n universitaria en Idaho. Ha estado sirviendo a estudiantes en Idaho State University (ISU), donde actualmente es Directora de Investigaci\u00f3n y Alcance de Pregrado, durante casi 10 a\u00f1os.&nbsp;&nbsp;<\/p>\n<p>Aunque Sonia describi\u00f3 sentirse muy apoyada en su papel, comparti\u00f3 que a veces es marginada debido a su conocimiento de la diversidad. Varios estudiantes latinos tambi\u00e9n se han acercado a ella con casos de discriminaci\u00f3n, y ella comparti\u00f3 que muchas veces, los estudiantes de primera generaci\u00f3n en particular no presentan sus quejas formalmente. Sonia tambi\u00e9n comparti\u00f3 varias maneras en que las instituciones de educaci\u00f3n universitaria podr\u00edan continuar apoyando y reconociendo las habilidades de los estudiantes latinos.&nbsp;<\/p>\n<h2>\u00bfAlguna vez has experimentado un trato diferente en tu trabajo debido a tu identidad?&nbsp;<\/h2>\n<p>Absolutamente. Tengo aliados dentro de la universidad que son la facultad y la administraci\u00f3n en cuanto al trabajo que hago. Son aliados porque entienden la importancia de servir a los estudiantes nativos, latinos y generalmente diversos. Pero hay personas que pueden querer trabajar con estas comunidades, pero no entienden la epistemolog\u00eda de estas comunidades. Ah\u00ed es donde he sido marginado porque mi conocimiento de la diversidad o DEI no es reconocido. Por lo tanto, he sentido que, debido a mi origen \u00e9tnico, mi contribuci\u00f3n no fue reconocida por algunos.&nbsp;<\/p>\n<h2>\u00bfAlguna vez has visto a estudiantes latinos recibir un trato diferente en la educaci\u00f3n universitaria?&nbsp;<\/h2>\n<p>No he visto estos casos, pero he tenido estudiantes nativos y latinos en varias ocasiones que vienen a mi oficina y me dicen que se han sentido marginados o irrespetados frente a otros estudiantes o en el aula. Y se sienten c\u00f3modas viniendo a ser porque soy latina.&nbsp;<\/p>\n<h2>\u00bfC\u00f3mo has podido apoyar a los estudiantes latinos que comparten estas experiencias contigo?&nbsp;<\/h2>\n<p>He abordado estos casos directamente con profesores y jefes de departamento y esto ha resultado en capacitaci\u00f3n en diversidad en el pasado.&nbsp;&nbsp;<\/p>\n<p>Pero muchas veces, los estudiantes se sienten heridos, y no creo que se sientan capacitados para presentar una queja. Pero les hago saber que tienen todo el derecho de sentirse como lo hacen. Y aunque yo no estuve all\u00ed y no s\u00e9 lo que realmente pas\u00f3, creo que lo que internalizan es real, y que tienen derecho a presentar una denuncia ante nuestra oficina de equidad e inclusi\u00f3n.&nbsp;<\/p>\n<p>A veces los estudiantes latinos tampoco conocen el idioma, as\u00ed que les ayudo a nombrarlo. Por ejemplo, no saben si han experimentado microagresiones o qu\u00e9 les sucedi\u00f3 exactamente. Entonces, les ayudo a darle un nombre a lo que experimentaron. De lo contrario, sin el idioma, los estudiantes no se quejan. Otras veces, los estudiantes no quieren presentar quejas porque sienten que van a empeorar las cosas.&nbsp;<\/p>\n<p>Tambi\u00e9n ofrezco referencias de estudiantes a profesores con los que me siento c\u00f3modo en funci\u00f3n de las experiencias de otros estudiantes. Algunos profesores no tienen espacio en sus laboratorios porque los latinos, nativos y otros estudiantes de color descubren qui\u00e9n los hace sentir dignos y ven estereotipos \u00e9tnicos del pasado.&nbsp;<\/p>\n<h2>\u00bfQu\u00e9 otros obst\u00e1culos ve que enfrentan los estudiantes latinos al presentar quejas de discriminaci\u00f3n?&nbsp;<\/h2>\n<p>En general, creo que los estudiantes saben d\u00f3nde presentar una queja. La informaci\u00f3n es incluida en la mayor\u00eda de sus programas de estudios que pueden ir a la oficina de equidad e inclusi\u00f3n.&nbsp;&nbsp;<\/p>\n<p>Pero, muchas veces, creo que los estudiantes tienen miedo del proceso porque es algo nuevo. Es como ir a la universidad, es un proceso aterrador. No saben: \u00bfQu\u00e9 va a pasar? \u00bfQu\u00e9 me van a preguntar? \u00bfCu\u00e1les son los resultados? \u00bfEs realmente confidencial? \u00bfEse profesor se lo va a decir a otros profesores? Y prefieren no lidiar con eso porque es lo desconocido, incluso cuando les cuento el proceso y la confidencialidad del mismo.&nbsp;&nbsp;<\/p>\n<p>Los estudiantes de primera generaci\u00f3n tienen a\u00fan m\u00e1s miedo que los estudiantes de segunda generaci\u00f3n, cuyos padres han pasado por el sistema universitario. Creo que hay una desconexi\u00f3n dentro de la comunidad latina y necesitamos empoderar a nuestros estudiantes para que se sientan seguros.&nbsp;<\/p>\n<p>Incluso si los estudiantes no presentan una queja, me alegro de que los estudiantes vengan a m\u00ed para saber a qui\u00e9n puedo referir a los estudiantes. Y creo que las instituciones se est\u00e1n volviendo m\u00e1s conscientes de esto y se est\u00e1n centrando m\u00e1s en el estudiante. En ISU, estamos aumentando el n\u00famero de latinos en todos nuestros departamentos, y tenemos un muy buen centro de nativos americanos.&nbsp;<\/p>\n<h2>\u00bfQu\u00e9 apoyos crees que los estudiantes latinos necesitan m\u00e1s en la educaci\u00f3n superior?&nbsp;<\/h2>\n<p>Somos la \u00fanica universidad en los Estados Unidos que tiene un curso llamado Espa\u00f1ol para Profesiones de la Salud. Es un programa que comienza en las escuelas secundarias y es para hablantes nativos de espa\u00f1ol. Para cuando se grad\u00faan de la escuela secundaria, los estudiantes son int\u00e9rpretes certificados y ya han completado tantos cr\u00e9ditos que cuentan para su t\u00edtulo en espa\u00f1ol para la atenci\u00f3n m\u00e9dica.&nbsp;<\/p>\n<p>Trabajamos muy de cerca con los enlaces de migrantes para obtener el programa en escuelas rurales y escuelas donde hay muchos trabajadores agr\u00edcolas. En una encuesta a estudiantes latinos, los estudiantes nombraron este programa como uno de los programas que les ayud\u00f3 a llegar a la educaci\u00f3n superior. Les permiti\u00f3 saber que ten\u00edan algo que ofrecer que otros no ten\u00edan, que ten\u00edan habilidades para contribuir que ya eran parte de lo que son. Tambi\u00e9n ha creado un camino para muchas carreras de atenci\u00f3n m\u00e9dica, incluyendo asistente m\u00e9dico, enfermer\u00eda, medicina y doctorados. Reconocemos que estos estudiantes son muy talentosos, pero que sus habilidades no siempre han sido reconocidas. Pero reconocemos y apoyamos ese talento.&nbsp;<\/p>\n<p>Creo que las universidades necesitan m\u00e1s signos de identidad cultural y m\u00e1s cursos y planes de estudio que hablen de las experiencias de los estudiantes latinos.&nbsp;<\/p>\n<h2>\u00bfCu\u00e1les son algunas cosas sobre los latinos que desear\u00eda que m\u00e1s personas conocieran?&nbsp;<\/h2>\n<p>Ojal\u00e1 m\u00e1s personas supieran que tenemos latinos que son chicanos y nunca han cruzado la frontera. Tenemos identidades diferentes. La latinidad es solo identidades e interseccionalidades diferentes.&nbsp;&nbsp;<\/p>\n<hr>\n<p>El&nbsp;Proyecto de&nbsp;Equidad Educativa para Estudiantes Hispanos&nbsp;comenz\u00f3 en el oto\u00f1o de 2022 como parte de nuestro esfuerzo para expandir el trabajo de justicia racial en nombre de los estudiantes de Idaho, comenzando con las comunidades hispanas.<\/p>\n<p><a class=\"cta-style-button\" href=\"https:\/\/www.acluidaho.org\/campaigns-initiatives\/education-equity-latinx-students-idaho\/\">READ MORE STORIES AND LEARN ABOUT THE EDUCATION EQUITY FOR LATINX PROJECT<\/a><\/p>\n<p><a class=\"cta-style-button\" href=\"\/secure.everyaction.com\/sI0tBu0Hj0WuP6JmcHebEg2\">SHARE YOUR EDUCATION STORY WITH THE ACLU OF IDAHO<\/a><\/p>\n","protected":false},"excerpt":{"rendered":"<p>Sonia es una latina que trabaja en educaci\u00f3n universitaria en Idaho. Ha estado sirviendo a estudiantes en Idaho State University (ISU), donde actualmente es Directora de Investigaci\u00f3n y Alcance de Pregrado, durante casi 10 a\u00f1os.&nbsp;&nbsp; Aunque Sonia describi\u00f3 sentirse muy apoyada en su papel, comparti\u00f3 que a veces es marginada debido a su conocimiento de [&hellip;]<\/p>\n","protected":false},"author":0,"featured_media":0,"parent":0,"menu_order":0,"comment_status":"closed","ping_status":"closed","template":"","meta":{"_acf_changed":false,"_relevanssi_hide_post":"","_relevanssi_hide_content":"","_relevanssi_pin_for_all":"","_relevanssi_pin_keywords":"","_relevanssi_unpin_keywords":"","_relevanssi_related_keywords":"","_relevanssi_related_include_ids":"","_relevanssi_related_exclude_ids":"","_relevanssi_related_no_append":"","_relevanssi_related_not_related":"","_relevanssi_related_posts":"","_relevanssi_noindex_reason":"","footnotes":""},"class_list":["post-2041","page","type-page","status-publish","hentry"],"acf":{"layout":"default","header-group":{"header-description":"","show-subnav":false,"hide-from-subnav":false},"components":[{"acf_fc_layout":"text","text":{"text":"Sonia es una latina que trabaja en educaci\u00f3n universitaria en Idaho. Ha estado sirviendo a estudiantes en Idaho State University (ISU), donde actualmente es Directora de Investigaci\u00f3n y Alcance de Pregrado, durante casi 10 a\u00f1os.  \n\nAunque Sonia describi\u00f3 sentirse muy apoyada en su papel, comparti\u00f3 que a veces es marginada debido a su conocimiento de la diversidad. Varios estudiantes latinos tambi\u00e9n se han acercado a ella con casos de discriminaci\u00f3n, y ella comparti\u00f3 que muchas veces, los estudiantes de primera generaci\u00f3n en particular no presentan sus quejas formalmente. Sonia tambi\u00e9n comparti\u00f3 varias maneras en que las instituciones de educaci\u00f3n universitaria podr\u00edan continuar apoyando y reconociendo las habilidades de los estudiantes latinos. "}},{"acf_fc_layout":"heading","heading":{"":null,"text":"\u00bfAlguna vez has experimentado un trato diferente en tu trabajo debido a tu identidad?\u00a0","anchor":"","sub-heading":"","type":"h2","heading-style":"standard"}},{"acf_fc_layout":"text","text":{"text":"Absolutamente. Tengo aliados dentro de la universidad que son la facultad y la administraci\u00f3n en cuanto al trabajo que hago. Son aliados porque entienden la importancia de servir a los estudiantes nativos, latinos y generalmente diversos. Pero hay personas que pueden querer trabajar con estas comunidades, pero no entienden la epistemolog\u00eda de estas comunidades. Ah\u00ed es donde he sido marginado porque mi conocimiento de la diversidad o DEI no es reconocido. Por lo tanto, he sentido que, debido a mi origen \u00e9tnico, mi contribuci\u00f3n no fue reconocida por algunos. "}},{"acf_fc_layout":"heading","heading":{"":null,"text":"\u00bfAlguna vez has visto a estudiantes latinos recibir un trato diferente en la educaci\u00f3n universitaria?\u00a0","anchor":"","sub-heading":"","type":"h2","heading-style":"standard"}},{"acf_fc_layout":"text","text":{"text":"No he visto estos casos, pero he tenido estudiantes nativos y latinos en varias ocasiones que vienen a mi oficina y me dicen que se han sentido marginados o irrespetados frente a otros estudiantes o en el aula. Y se sienten c\u00f3modas viniendo a ser porque soy latina. "}},{"acf_fc_layout":"heading","heading":{"":null,"text":"\u00bfC\u00f3mo has podido apoyar a los estudiantes latinos que comparten estas experiencias contigo?\u00a0","anchor":"","sub-heading":"","type":"h2","heading-style":"standard"}},{"acf_fc_layout":"text","text":{"text":"He abordado estos casos directamente con profesores y jefes de departamento y esto ha resultado en capacitaci\u00f3n en diversidad en el pasado.  \n\nPero muchas veces, los estudiantes se sienten heridos, y no creo que se sientan capacitados para presentar una queja. Pero les hago saber que tienen todo el derecho de sentirse como lo hacen. Y aunque yo no estuve all\u00ed y no s\u00e9 lo que realmente pas\u00f3, creo que lo que internalizan es real, y que tienen derecho a presentar una denuncia ante nuestra oficina de equidad e inclusi\u00f3n. \n\nA veces los estudiantes latinos tampoco conocen el idioma, as\u00ed que les ayudo a nombrarlo. Por ejemplo, no saben si han experimentado microagresiones o qu\u00e9 les sucedi\u00f3 exactamente. Entonces, les ayudo a darle un nombre a lo que experimentaron. De lo contrario, sin el idioma, los estudiantes no se quejan. Otras veces, los estudiantes no quieren presentar quejas porque sienten que van a empeorar las cosas. \n\nTambi\u00e9n ofrezco referencias de estudiantes a profesores con los que me siento c\u00f3modo en funci\u00f3n de las experiencias de otros estudiantes. Algunos profesores no tienen espacio en sus laboratorios porque los latinos, nativos y otros estudiantes de color descubren qui\u00e9n los hace sentir dignos y ven estereotipos \u00e9tnicos del pasado. "}},{"acf_fc_layout":"heading","heading":{"":null,"text":"\u00bfQu\u00e9 otros obst\u00e1culos ve que enfrentan los estudiantes latinos al presentar quejas de discriminaci\u00f3n?\u00a0","anchor":"","sub-heading":"","type":"h2","heading-style":"standard"}},{"acf_fc_layout":"text","text":{"text":"En general, creo que los estudiantes saben d\u00f3nde presentar una queja. La informaci\u00f3n es incluida en la mayor\u00eda de sus programas de estudios que pueden ir a la oficina de equidad e inclusi\u00f3n.  \n\nPero, muchas veces, creo que los estudiantes tienen miedo del proceso porque es algo nuevo. Es como ir a la universidad, es un proceso aterrador. No saben: \u00bfQu\u00e9 va a pasar? \u00bfQu\u00e9 me van a preguntar? \u00bfCu\u00e1les son los resultados? \u00bfEs realmente confidencial? \u00bfEse profesor se lo va a decir a otros profesores? Y prefieren no lidiar con eso porque es lo desconocido, incluso cuando les cuento el proceso y la confidencialidad del mismo.  \n\nLos estudiantes de primera generaci\u00f3n tienen a\u00fan m\u00e1s miedo que los estudiantes de segunda generaci\u00f3n, cuyos padres han pasado por el sistema universitario. Creo que hay una desconexi\u00f3n dentro de la comunidad latina y necesitamos empoderar a nuestros estudiantes para que se sientan seguros. \n\nIncluso si los estudiantes no presentan una queja, me alegro de que los estudiantes vengan a m\u00ed para saber a qui\u00e9n puedo referir a los estudiantes. Y creo que las instituciones se est\u00e1n volviendo m\u00e1s conscientes de esto y se est\u00e1n centrando m\u00e1s en el estudiante. En ISU, estamos aumentando el n\u00famero de latinos en todos nuestros departamentos, y tenemos un muy buen centro de nativos americanos. "}},{"acf_fc_layout":"heading","heading":{"":null,"text":"\u00bfQu\u00e9 apoyos crees que los estudiantes latinos necesitan m\u00e1s en la educaci\u00f3n superior?\u00a0","anchor":"","sub-heading":"","type":"h2","heading-style":"standard"}},{"acf_fc_layout":"text","text":{"text":"Somos la \u00fanica universidad en los Estados Unidos que tiene un curso llamado Espa\u00f1ol para Profesiones de la Salud. Es un programa que comienza en las escuelas secundarias y es para hablantes nativos de espa\u00f1ol. Para cuando se grad\u00faan de la escuela secundaria, los estudiantes son int\u00e9rpretes certificados y ya han completado tantos cr\u00e9ditos que cuentan para su t\u00edtulo en espa\u00f1ol para la atenci\u00f3n m\u00e9dica. \n\nTrabajamos muy de cerca con los enlaces de migrantes para obtener el programa en escuelas rurales y escuelas donde hay muchos trabajadores agr\u00edcolas. En una encuesta a estudiantes latinos, los estudiantes nombraron este programa como uno de los programas que les ayud\u00f3 a llegar a la educaci\u00f3n superior. Les permiti\u00f3 saber que ten\u00edan algo que ofrecer que otros no ten\u00edan, que ten\u00edan habilidades para contribuir que ya eran parte de lo que son. Tambi\u00e9n ha creado un camino para muchas carreras de atenci\u00f3n m\u00e9dica, incluyendo asistente m\u00e9dico, enfermer\u00eda, medicina y doctorados. Reconocemos que estos estudiantes son muy talentosos, pero que sus habilidades no siempre han sido reconocidas. Pero reconocemos y apoyamos ese talento. \n\nCreo que las universidades necesitan m\u00e1s signos de identidad cultural y m\u00e1s cursos y planes de estudio que hablen de las experiencias de los estudiantes latinos. "}},{"acf_fc_layout":"heading","heading":{"":null,"text":"\u00bfCu\u00e1les son algunas cosas sobre los latinos que desear\u00eda que m\u00e1s personas conocieran?\u00a0","anchor":"","sub-heading":"","type":"h2","heading-style":"standard"}},{"acf_fc_layout":"text","text":{"text":"Ojal\u00e1 m\u00e1s personas supieran que tenemos latinos que son chicanos y nunca han cruzado la frontera. Tenemos identidades diferentes. La latinidad es solo identidades e interseccionalidades diferentes.  "}},{"acf_fc_layout":"divider","divider":{"divider_type":"hr"}},{"acf_fc_layout":"text","text":{"text":"El Proyecto de Equidad Educativa para Estudiantes Hispanos comenz\u00f3 en el oto\u00f1o de 2022 como parte de nuestro esfuerzo para expandir el trabajo de justicia racial en nombre de los estudiantes de Idaho, comenzando con las comunidades hispanas.\n\n<a class=\"cta-style-button\" href=\"https:\/\/www.acluidaho.org\/campaigns-initiatives\/education-equity-latinx-students-idaho\/\">READ MORE STORIES AND LEARN ABOUT THE EDUCATION EQUITY FOR LATINX PROJECT<\/a>\n\n<a class=\"cta-style-button\" href=\"\/secure.everyaction.com\/sI0tBu0Hj0WuP6JmcHebEg2\">SHARE YOUR EDUCATION STORY WITH THE ACLU OF IDAHO<\/a>"}}],"section":null,"issues":null,"related_content":[2582,1963],"documents":null},"yoast_head":"<!-- This site is optimized with the Yoast SEO plugin v24.9 - https:\/\/yoast.com\/wordpress\/plugins\/seo\/ -->\n<title>Sonia - ACLU of Idaho<\/title>\n<meta name=\"robots\" content=\"index, follow, max-snippet:-1, max-image-preview:large, max-video-preview:-1\" \/>\n<link rel=\"canonical\" href=\"https:\/\/www.acluidaho.org\/es\/sonia\/\" \/>\n<meta property=\"og:locale\" content=\"es_ES\" \/>\n<meta property=\"og:type\" content=\"article\" \/>\n<meta property=\"og:title\" content=\"Sonia - ACLU of Idaho\" \/>\n<meta property=\"og:description\" content=\"Sonia es una latina que trabaja en educaci\u00f3n universitaria en Idaho. Ha estado sirviendo a estudiantes en Idaho State University (ISU), donde actualmente es Directora de Investigaci\u00f3n y Alcance de Pregrado, durante casi 10 a\u00f1os.&nbsp;&nbsp; Aunque Sonia describi\u00f3 sentirse muy apoyada en su papel, comparti\u00f3 que a veces es marginada debido a su conocimiento de [&hellip;]\" \/>\n<meta property=\"og:url\" content=\"https:\/\/www.acluidaho.org\/es\/sonia\/\" \/>\n<meta property=\"og:site_name\" content=\"ACLU of Idaho\" \/>\n<meta property=\"og:image\" content=\"https:\/\/www.acluidaho.org\/app\/themes\/aclu-parent\/img\/default_fb_share.jpg\" \/>\n<meta name=\"twitter:card\" content=\"summary_large_image\" \/>\n<script type=\"application\/ld+json\" class=\"yoast-schema-graph\">{\"@context\":\"https:\/\/schema.org\",\"@graph\":[{\"@type\":\"WebPage\",\"@id\":\"https:\/\/www.acluidaho.org\/es\/sonia\/\",\"url\":\"https:\/\/www.acluidaho.org\/es\/sonia\/\",\"name\":\"Sonia - ACLU of Idaho\",\"isPartOf\":{\"@id\":\"https:\/\/www.acluidaho.org\/#website\"},\"datePublished\":\"2023-06-06T20:30:00+00:00\",\"inLanguage\":\"es-ES\",\"potentialAction\":[{\"@type\":\"ReadAction\",\"target\":[\"https:\/\/www.acluidaho.org\/es\/sonia\/\"]}]},{\"@type\":\"WebSite\",\"@id\":\"https:\/\/www.acluidaho.org\/#website\",\"url\":\"https:\/\/www.acluidaho.org\/\",\"name\":\"ACLU of Idaho\",\"description\":\"\",\"publisher\":{\"@id\":\"https:\/\/www.acluidaho.org\/#organization\"},\"potentialAction\":[{\"@type\":\"SearchAction\",\"target\":{\"@type\":\"EntryPoint\",\"urlTemplate\":\"https:\/\/www.acluidaho.org\/?s={search_term_string}\"},\"query-input\":{\"@type\":\"PropertyValueSpecification\",\"valueRequired\":true,\"valueName\":\"search_term_string\"}}],\"inLanguage\":\"es-ES\"},{\"@type\":\"Organization\",\"@id\":\"https:\/\/www.acluidaho.org\/#organization\",\"name\":\"ACLU of Idaho\",\"url\":\"https:\/\/www.acluidaho.org\/\",\"logo\":{\"@type\":\"ImageObject\",\"inLanguage\":\"es-ES\",\"@id\":\"https:\/\/www.acluidaho.org\/#\/schema\/logo\/image\/\",\"url\":\"https:\/\/www.acluidaho.org\/app\/uploads\/2025\/09\/ACLU_Idaho_Moblie-Web_Color_RGB.png\",\"contentUrl\":\"https:\/\/www.acluidaho.org\/app\/uploads\/2025\/09\/ACLU_Idaho_Moblie-Web_Color_RGB.png\",\"width\":2084,\"height\":2084,\"caption\":\"ACLU of Idaho\"},\"image\":{\"@id\":\"https:\/\/www.acluidaho.org\/#\/schema\/logo\/image\/\"}}]}<\/script>\n<!-- \/ Yoast SEO plugin. -->","yoast_head_json":{"title":"Sonia - ACLU of Idaho","robots":{"index":"index","follow":"follow","max-snippet":"max-snippet:-1","max-image-preview":"max-image-preview:large","max-video-preview":"max-video-preview:-1"},"canonical":"https:\/\/www.acluidaho.org\/es\/sonia\/","og_locale":"es_ES","og_type":"article","og_title":"Sonia - ACLU of Idaho","og_description":"Sonia es una latina que trabaja en educaci\u00f3n universitaria en Idaho. Ha estado sirviendo a estudiantes en Idaho State University (ISU), donde actualmente es Directora de Investigaci\u00f3n y Alcance de Pregrado, durante casi 10 a\u00f1os.&nbsp;&nbsp; Aunque Sonia describi\u00f3 sentirse muy apoyada en su papel, comparti\u00f3 que a veces es marginada debido a su conocimiento de [&hellip;]","og_url":"https:\/\/www.acluidaho.org\/es\/sonia\/","og_site_name":"ACLU of Idaho","og_image":[{"url":"https:\/\/www.acluidaho.org\/app\/themes\/aclu-parent\/img\/default_fb_share.jpg","type":"","width":"","height":""}],"twitter_card":"summary_large_image","schema":{"@context":"https:\/\/schema.org","@graph":[{"@type":"WebPage","@id":"https:\/\/www.acluidaho.org\/es\/sonia\/","url":"https:\/\/www.acluidaho.org\/es\/sonia\/","name":"Sonia - ACLU of Idaho","isPartOf":{"@id":"https:\/\/www.acluidaho.org\/#website"},"datePublished":"2023-06-06T20:30:00+00:00","inLanguage":"es-ES","potentialAction":[{"@type":"ReadAction","target":["https:\/\/www.acluidaho.org\/es\/sonia\/"]}]},{"@type":"WebSite","@id":"https:\/\/www.acluidaho.org\/#website","url":"https:\/\/www.acluidaho.org\/","name":"ACLU of Idaho","description":"","publisher":{"@id":"https:\/\/www.acluidaho.org\/#organization"},"potentialAction":[{"@type":"SearchAction","target":{"@type":"EntryPoint","urlTemplate":"https:\/\/www.acluidaho.org\/?s={search_term_string}"},"query-input":{"@type":"PropertyValueSpecification","valueRequired":true,"valueName":"search_term_string"}}],"inLanguage":"es-ES"},{"@type":"Organization","@id":"https:\/\/www.acluidaho.org\/#organization","name":"ACLU of Idaho","url":"https:\/\/www.acluidaho.org\/","logo":{"@type":"ImageObject","inLanguage":"es-ES","@id":"https:\/\/www.acluidaho.org\/#\/schema\/logo\/image\/","url":"https:\/\/www.acluidaho.org\/app\/uploads\/2025\/09\/ACLU_Idaho_Moblie-Web_Color_RGB.png","contentUrl":"https:\/\/www.acluidaho.org\/app\/uploads\/2025\/09\/ACLU_Idaho_Moblie-Web_Color_RGB.png","width":2084,"height":2084,"caption":"ACLU of Idaho"},"image":{"@id":"https:\/\/www.acluidaho.org\/#\/schema\/logo\/image\/"}}]}},"distributor_meta":false,"distributor_terms":false,"distributor_media":false,"distributor_original_site_name":"ACLU of Idaho","distributor_original_site_url":"https:\/\/www.acluidaho.org\/es\/","push-errors":false,"_links":{"self":[{"href":"https:\/\/www.acluidaho.org\/es\/wp-json\/wp\/v2\/pages\/2041","targetHints":{"allow":["GET"]}}],"collection":[{"href":"https:\/\/www.acluidaho.org\/es\/wp-json\/wp\/v2\/pages"}],"about":[{"href":"https:\/\/www.acluidaho.org\/es\/wp-json\/wp\/v2\/types\/page"}],"replies":[{"embeddable":true,"href":"https:\/\/www.acluidaho.org\/es\/wp-json\/wp\/v2\/comments?post=2041"}],"version-history":[{"count":0,"href":"https:\/\/www.acluidaho.org\/es\/wp-json\/wp\/v2\/pages\/2041\/revisions"}],"acf:post":[{"embeddable":true,"href":"https:\/\/www.acluidaho.org\/es\/wp-json\/wp\/v2\/pages\/1963"},{"embeddable":true,"href":"https:\/\/www.acluidaho.org\/es\/wp-json\/wp\/v2\/campaign\/2582"}],"wp:attachment":[{"href":"https:\/\/www.acluidaho.org\/es\/wp-json\/wp\/v2\/media?parent=2041"}],"curies":[{"name":"wp","href":"https:\/\/api.w.org\/{rel}","templated":true}]}}