{"id":2080,"date":"2023-08-09T16:00:00","date_gmt":"2023-08-09T20:00:00","guid":{"rendered":"https:\/\/www.acluidaho.org\/natalia\/"},"modified":"2023-08-09T16:00:00","modified_gmt":"2023-08-09T20:00:00","slug":"natalia","status":"publish","type":"page","link":"https:\/\/www.acluidaho.org\/es\/natalia\/","title":{"rendered":"Natalia"},"content":{"rendered":"<p><img loading=\"lazy\" decoding=\"async\" class=\" size-full wp-image-1974\" src=\"https:\/\/www.acluidaho.org\/app\/uploads\/2023\/03\/20230808_101240.jpg\" alt=\"Natalia\" width=\"753\" height=\"682\" srcset=\"https:\/\/www.acluidaho.org\/app\/uploads\/2023\/03\/20230808_101240.jpg 753w, https:\/\/www.acluidaho.org\/app\/uploads\/2023\/03\/20230808_101240-400x362.jpg 400w, https:\/\/www.acluidaho.org\/app\/uploads\/2023\/03\/20230808_101240-600x543.jpg 600w\" sizes=\"auto, (max-width: 753px) 100vw, 753px\" \/><\/p>\n<p>Natalia es una hispanoamericana de tercera generaci\u00f3n. Ha vivido en Idaho con su familia toda su vida y actualmente asiste a Liberty Charter en Nampa.&nbsp;<\/p>\n<p>Como Natalia comparti\u00f3 con nosotros, ella es solo uno de los pocos estudiantes hispanos que asisten a su escuela charter. La falta de representaci\u00f3n hispana entre sus compa\u00f1eros de clase y dentro del personal de su escuela ha hecho que Natalia se sienta aislada. Esto tambi\u00e9n la ha hecho sentir no representada cuando se trata de temas de racismo y microagresiones que ella y sus compa\u00f1eras latinas han enfrentado en el aula. Natalia tambi\u00e9n nos cont\u00f3 c\u00f3mo se siente m\u00e1s segura en la escuela sin la presencia de la polic\u00eda y espera que su escuela pueda aumentar la representaci\u00f3n y el apoyo a los estudiantes que enfrentan discriminaci\u00f3n.&nbsp;<\/p>\n<p>Natalia se graduar\u00e1 pronto de la preparatoria con su t\u00edtulo de asociado. Ella planea asistir al College of Idaho para obtener un t\u00edtulo en educaci\u00f3n.&nbsp;&nbsp;<\/p>\n<h2>\u00bfAlguna vez has tenido alguna experiencia en la que sentiste que te trataron de manera diferente en la escuela porque eres latina?&nbsp;<\/h2>\n<p>He ido [a Liberty Charter] desde el primer grado. Me inscrib\u00ed all\u00ed porque mi pap\u00e1 fue all\u00ed y mi t\u00eda tambi\u00e9n se gradu\u00f3 de all\u00ed. Solo hay tres estudiantes hispanos en mi clase, todas mujeres, y he mencionado esto antes en la escuela.&nbsp;<\/p>\n<p>He recibido varios comentarios sobre mi raza. Un ni\u00f1o de mi clase me dijo: \u201c\u00bfPor qu\u00e9 no vas y te saltas de nuevo el muro fronterizo?\u201d Eso me enoj\u00f3 mucho, soy un hispanoamericano de tercera generaci\u00f3n. Mi maestro tambi\u00e9n era hispano, y estaba en estado de shock despu\u00e9s de ese comentario. Y aunque parec\u00eda que mi maestro habl\u00f3 con ese estudiante, no se metieron en muchos problemas porque el padre de ese estudiante tambi\u00e9n es maestro en la escuela. Este estudiante tambi\u00e9n me ha dicho otros comentarios racistas y no hay repercusiones.&nbsp;&nbsp;<\/p>\n<p>Otro estudiante me dijo que, si me cortaba el cabello m\u00e1s corto, me parecer\u00eda a Dora la Exploradora. Otro estudiante me dijo que soy como un \u201ccoco\u201d: moreno por fuera, blanco por dentro.&nbsp;&nbsp;<\/p>\n<p>Tambi\u00e9n he tenido experiencias en las que los maestros dicen comentarios racistas, y tengo que levantar la mano para explicar por qu\u00e9 lo que dijeron result\u00f3 ser racista. Por ejemplo, un maestro de mayor edad se acerc\u00f3 una vez a mi amiga latina y le pregunt\u00f3 si era una estudiante de intercambio y de qu\u00e9 pa\u00eds era. Mi amiga respondi\u00f3 que hab\u00eda nacido en los Estados Unidos y eso le sorprendi\u00f3 al maestro. Cuando esto ha sucedido, los maestros generalmente se disculpan y tratan de ser m\u00e1s cautelosos con lo que dicen.&nbsp;<\/p>\n<h2>\u00bfTe sientes representado en tu escuela?&nbsp;&nbsp;<\/h2>\n<p>Solo tenemos un maestro hispano, y se jubilar\u00e1 este a\u00f1o.&nbsp;&nbsp;<\/p>\n<p>Definitivamente es dif\u00edcil no tener representaci\u00f3n en la escuela. Quieres tener ese maestro con el que puedas hablar y sentirte c\u00f3modo expresando tus preocupaciones, sabiendo que entender\u00e1n de d\u00f3nde vienes. Este maestro hispano fue sin duda eso para muchos estudiantes, especialmente para los estudiantes de intercambio. Todos acud\u00edan a \u00e9l.&nbsp;&nbsp;<\/p>\n<p>Realmente no me siento culturalmente representado en la escuela. Nuestra escuela trata de celebrar los d\u00edas festivos, y celebrar\u00e1n lo que creen que son d\u00edas festivos hispanos, como el Cinco de Mayo, pero la mayor\u00eda de las familias hispanas no celebran ese d\u00eda.&nbsp;&nbsp;<\/p>\n<h2>\u00bfAlguna vez has tenido alguna interacci\u00f3n con la polic\u00eda en su escuela?&nbsp;<\/h2>\n<p>No tenemos polic\u00eda escolar en nuestra escuela. Creo que porque tendr\u00eda que salir del presupuesto de la escuela y el estado no lo financiar\u00eda.&nbsp;&nbsp;<\/p>\n<p>A una parte de m\u00ed le gusta que no tengamos polic\u00eda escolar porque siento que a veces empeora las cosas. Por ejemplo, los ni\u00f1os de color comenzar\u00e1n a sentirse m\u00e1s inseguros y sentir\u00e1n que hay un blanco en su espalda, y m\u00e1s en comparaci\u00f3n con los estudiantes blancos.&nbsp;<\/p>\n<h2>\u00bfC\u00f3mo crees que los estudiantes latinos se sentir\u00edan mejor apoyados en tu escuela?&nbsp;<\/h2>\n<p>Para m\u00ed, si hubiera m\u00e1s estudiantes hispanos en mi clase, me sentir\u00eda m\u00e1s bienvenida. Tener solo tres [estudiantes hispanos] de m\u00e1s de 40 estudiantes, y todos los dem\u00e1s son en su mayor\u00eda blancos, es muy diferente. Juego baloncesto y a veces jugamos contra las escuelas en Wilder, donde hay muchos m\u00e1s estudiantes hispanos. Puedo conectarme mucho m\u00e1s con los estudiantes all\u00ed debido a eso.&nbsp;&nbsp;<\/p>\n<p>Creo que tambi\u00e9n estar\u00edamos mejor apoyados si los maestros realmente hicieran algo cuando les decimos que otros estudiantes nos est\u00e1n diciendo comentarios racistas. Nos dicen que hablar\u00e1n con el estudiante, pero eso no hace mucho y los comentarios contin\u00faan.&nbsp;&nbsp;&nbsp;<\/p>\n<p>Cada persona es capaz de hacer lo que quiera. No debes basar el talento de alguien en su raza, ya sea blanco o mexicano.&nbsp;<\/p>\n<hr>\n<p>El&nbsp;Proyecto de&nbsp;Equidad Educativa para Estudiantes Hispanos&nbsp;comenz\u00f3 en el oto\u00f1o de 2022 como parte de nuestro esfuerzo para expandir el trabajo de justicia racial en nombre de los estudiantes de Idaho, comenzando con las comunidades hispanas.<\/p>\n<p><a class=\"cta-style-button\" href=\"https:\/\/www.acluidaho.org\/campaigns-initiatives\/education-equity-latinx-students-idaho\/\">READ MORE STORIES AND LEARN ABOUT THE EDUCATION EQUITY FOR LATINX PROJECT<\/a><\/p>\n<p><a class=\"cta-style-button\" href=\"https:\/\/secure.everyaction.com\/sI0tBu0Hj0WuP6JmcHebEg2\">SHARE YOUR EDUCATION STORY WITH THE ACLU OF IDAHO<\/a><\/p>\n","protected":false},"excerpt":{"rendered":"<p>Natalia es una hispanoamericana de tercera generaci\u00f3n. Ha vivido en Idaho con su familia toda su vida y actualmente asiste a Liberty Charter en Nampa.&nbsp; Como Natalia comparti\u00f3 con nosotros, ella es solo uno de los pocos estudiantes hispanos que asisten a su escuela charter. La falta de representaci\u00f3n hispana entre sus compa\u00f1eros de clase [&hellip;]<\/p>\n","protected":false},"author":0,"featured_media":0,"parent":0,"menu_order":0,"comment_status":"closed","ping_status":"closed","template":"","meta":{"_acf_changed":false,"_relevanssi_hide_post":"","_relevanssi_hide_content":"","_relevanssi_pin_for_all":"","_relevanssi_pin_keywords":"","_relevanssi_unpin_keywords":"","_relevanssi_related_keywords":"","_relevanssi_related_include_ids":"","_relevanssi_related_exclude_ids":"","_relevanssi_related_no_append":"","_relevanssi_related_not_related":"","_relevanssi_related_posts":"","_relevanssi_noindex_reason":"","footnotes":""},"class_list":["post-2080","page","type-page","status-publish","hentry"],"acf":{"layout":"default","header-group":{"header-description":"","show-subnav":false,"hide-from-subnav":false},"components":[{"acf_fc_layout":"single-image","single-image":{"":null,"image-group":{"image":1975,"":null,"caption":"","credit":"","link-settings":"none","url":""},"width":"standard","alignment":"left"}},{"acf_fc_layout":"text","text":{"text":"Natalia es una hispanoamericana de tercera generaci\u00f3n. Ha vivido en Idaho con su familia toda su vida y actualmente asiste a Liberty Charter en Nampa. \n\nComo Natalia comparti\u00f3 con nosotros, ella es solo uno de los pocos estudiantes hispanos que asisten a su escuela charter. La falta de representaci\u00f3n hispana entre sus compa\u00f1eros de clase y dentro del personal de su escuela ha hecho que Natalia se sienta aislada. Esto tambi\u00e9n la ha hecho sentir no representada cuando se trata de temas de racismo y microagresiones que ella y sus compa\u00f1eras latinas han enfrentado en el aula. Natalia tambi\u00e9n nos cont\u00f3 c\u00f3mo se siente m\u00e1s segura en la escuela sin la presencia de la polic\u00eda y espera que su escuela pueda aumentar la representaci\u00f3n y el apoyo a los estudiantes que enfrentan discriminaci\u00f3n. \n\nNatalia se graduar\u00e1 pronto de la preparatoria con su t\u00edtulo de asociado. Ella planea asistir al College of Idaho para obtener un t\u00edtulo en educaci\u00f3n.  "}},{"acf_fc_layout":"heading","heading":{"":null,"text":"\u00bfAlguna vez has tenido alguna experiencia en la que sentiste que te trataron de manera diferente en la escuela porque eres latina?\u00a0","anchor":"","sub-heading":"","type":"h2","heading-style":"standard"}},{"acf_fc_layout":"text","text":{"text":"He ido [a Liberty Charter] desde el primer grado. Me inscrib\u00ed all\u00ed porque mi pap\u00e1 fue all\u00ed y mi t\u00eda tambi\u00e9n se gradu\u00f3 de all\u00ed. Solo hay tres estudiantes hispanos en mi clase, todas mujeres, y he mencionado esto antes en la escuela. \n\nHe recibido varios comentarios sobre mi raza. Un ni\u00f1o de mi clase me dijo: \u201c\u00bfPor qu\u00e9 no vas y te saltas de nuevo el muro fronterizo?\u201d Eso me enoj\u00f3 mucho, soy un hispanoamericano de tercera generaci\u00f3n. Mi maestro tambi\u00e9n era hispano, y estaba en estado de shock despu\u00e9s de ese comentario. Y aunque parec\u00eda que mi maestro habl\u00f3 con ese estudiante, no se metieron en muchos problemas porque el padre de ese estudiante tambi\u00e9n es maestro en la escuela. Este estudiante tambi\u00e9n me ha dicho otros comentarios racistas y no hay repercusiones.  \n\nOtro estudiante me dijo que, si me cortaba el cabello m\u00e1s corto, me parecer\u00eda a Dora la Exploradora. Otro estudiante me dijo que soy como un \u201ccoco\u201d: moreno por fuera, blanco por dentro.  \n\nTambi\u00e9n he tenido experiencias en las que los maestros dicen comentarios racistas, y tengo que levantar la mano para explicar por qu\u00e9 lo que dijeron result\u00f3 ser racista. Por ejemplo, un maestro de mayor edad se acerc\u00f3 una vez a mi amiga latina y le pregunt\u00f3 si era una estudiante de intercambio y de qu\u00e9 pa\u00eds era. Mi amiga respondi\u00f3 que hab\u00eda nacido en los Estados Unidos y eso le sorprendi\u00f3 al maestro. Cuando esto ha sucedido, los maestros generalmente se disculpan y tratan de ser m\u00e1s cautelosos con lo que dicen. "}},{"acf_fc_layout":"heading","heading":{"":null,"text":"\u00bfTe sientes representado en tu escuela?\u00a0\u00a0","anchor":"","sub-heading":"","type":"h2","heading-style":"standard"}},{"acf_fc_layout":"text","text":{"text":"Solo tenemos un maestro hispano, y se jubilar\u00e1 este a\u00f1o.  \n\nDefinitivamente es dif\u00edcil no tener representaci\u00f3n en la escuela. Quieres tener ese maestro con el que puedas hablar y sentirte c\u00f3modo expresando tus preocupaciones, sabiendo que entender\u00e1n de d\u00f3nde vienes. Este maestro hispano fue sin duda eso para muchos estudiantes, especialmente para los estudiantes de intercambio. Todos acud\u00edan a \u00e9l.  \n\nRealmente no me siento culturalmente representado en la escuela. Nuestra escuela trata de celebrar los d\u00edas festivos, y celebrar\u00e1n lo que creen que son d\u00edas festivos hispanos, como el Cinco de Mayo, pero la mayor\u00eda de las familias hispanas no celebran ese d\u00eda.  "}},{"acf_fc_layout":"heading","heading":{"":null,"text":"\u00bfAlguna vez has tenido alguna interacci\u00f3n con la polic\u00eda en su escuela?\u00a0","anchor":"","sub-heading":"","type":"h2","heading-style":"standard"}},{"acf_fc_layout":"text","text":{"text":"No tenemos polic\u00eda escolar en nuestra escuela. Creo que porque tendr\u00eda que salir del presupuesto de la escuela y el estado no lo financiar\u00eda.  \n\nA una parte de m\u00ed le gusta que no tengamos polic\u00eda escolar porque siento que a veces empeora las cosas. Por ejemplo, los ni\u00f1os de color comenzar\u00e1n a sentirse m\u00e1s inseguros y sentir\u00e1n que hay un blanco en su espalda, y m\u00e1s en comparaci\u00f3n con los estudiantes blancos. "}},{"acf_fc_layout":"heading","heading":{"":null,"text":"\u00bfC\u00f3mo crees que los estudiantes latinos se sentir\u00edan mejor apoyados en tu escuela?\u00a0","anchor":"","sub-heading":"","type":"h2","heading-style":"standard"}},{"acf_fc_layout":"text","text":{"text":"Para m\u00ed, si hubiera m\u00e1s estudiantes hispanos en mi clase, me sentir\u00eda m\u00e1s bienvenida. Tener solo tres [estudiantes hispanos] de m\u00e1s de 40 estudiantes, y todos los dem\u00e1s son en su mayor\u00eda blancos, es muy diferente. Juego baloncesto y a veces jugamos contra las escuelas en Wilder, donde hay muchos m\u00e1s estudiantes hispanos. Puedo conectarme mucho m\u00e1s con los estudiantes all\u00ed debido a eso.  \n\nCreo que tambi\u00e9n estar\u00edamos mejor apoyados si los maestros realmente hicieran algo cuando les decimos que otros estudiantes nos est\u00e1n diciendo comentarios racistas. Nos dicen que hablar\u00e1n con el estudiante, pero eso no hace mucho y los comentarios contin\u00faan.   \n\nCada persona es capaz de hacer lo que quiera. No debes basar el talento de alguien en su raza, ya sea blanco o mexicano. "}},{"acf_fc_layout":"divider","divider":{"divider_type":"hr"}},{"acf_fc_layout":"text","text":{"text":"El Proyecto de Equidad Educativa para Estudiantes Hispanos comenz\u00f3 en el oto\u00f1o de 2022 como parte de nuestro esfuerzo para expandir el trabajo de justicia racial en nombre de los estudiantes de Idaho, comenzando con las comunidades hispanas.\n\n<a class=\"cta-style-button\" href=\"https:\/\/www.acluidaho.org\/campaigns-initiatives\/education-equity-latinx-students-idaho\/\">READ MORE STORIES AND LEARN ABOUT THE EDUCATION EQUITY FOR LATINX PROJECT<\/a>\n\n<a class=\"cta-style-button\" href=\"https:\/\/secure.everyaction.com\/sI0tBu0Hj0WuP6JmcHebEg2\">SHARE YOUR EDUCATION STORY WITH THE ACLU OF IDAHO<\/a>"}}],"section":null,"issues":null,"related_content":[],"documents":null},"yoast_head":"<!-- This site is optimized with the Yoast SEO plugin v24.9 - https:\/\/yoast.com\/wordpress\/plugins\/seo\/ -->\n<title>Natalia - ACLU of Idaho<\/title>\n<meta name=\"robots\" content=\"index, follow, max-snippet:-1, max-image-preview:large, max-video-preview:-1\" \/>\n<link rel=\"canonical\" href=\"https:\/\/www.acluidaho.org\/es\/natalia\/\" \/>\n<meta property=\"og:locale\" content=\"es_ES\" \/>\n<meta property=\"og:type\" content=\"article\" \/>\n<meta property=\"og:title\" content=\"Natalia - ACLU of Idaho\" \/>\n<meta property=\"og:description\" content=\"Natalia es una hispanoamericana de tercera generaci\u00f3n. Ha vivido en Idaho con su familia toda su vida y actualmente asiste a Liberty Charter en Nampa.&nbsp; Como Natalia comparti\u00f3 con nosotros, ella es solo uno de los pocos estudiantes hispanos que asisten a su escuela charter. La falta de representaci\u00f3n hispana entre sus compa\u00f1eros de clase [&hellip;]\" \/>\n<meta property=\"og:url\" content=\"https:\/\/www.acluidaho.org\/es\/natalia\/\" \/>\n<meta property=\"og:site_name\" content=\"ACLU of Idaho\" \/>\n<meta property=\"og:image\" content=\"https:\/\/www.acluidaho.org\/app\/uploads\/2023\/03\/20230808_101240.jpg\" \/>\n<meta name=\"twitter:card\" content=\"summary_large_image\" \/>\n<script type=\"application\/ld+json\" class=\"yoast-schema-graph\">{\"@context\":\"https:\/\/schema.org\",\"@graph\":[{\"@type\":\"WebPage\",\"@id\":\"https:\/\/www.acluidaho.org\/es\/natalia\/\",\"url\":\"https:\/\/www.acluidaho.org\/es\/natalia\/\",\"name\":\"Natalia - ACLU of Idaho\",\"isPartOf\":{\"@id\":\"https:\/\/www.acluidaho.org\/#website\"},\"primaryImageOfPage\":{\"@id\":\"https:\/\/www.acluidaho.org\/es\/natalia\/#primaryimage\"},\"image\":{\"@id\":\"https:\/\/www.acluidaho.org\/es\/natalia\/#primaryimage\"},\"thumbnailUrl\":\"https:\/\/www.acluidaho.org\/app\/uploads\/2023\/03\/20230808_101240.jpg\",\"datePublished\":\"2023-08-09T20:00:00+00:00\",\"inLanguage\":\"es-ES\",\"potentialAction\":[{\"@type\":\"ReadAction\",\"target\":[\"https:\/\/www.acluidaho.org\/es\/natalia\/\"]}]},{\"@type\":\"ImageObject\",\"inLanguage\":\"es-ES\",\"@id\":\"https:\/\/www.acluidaho.org\/es\/natalia\/#primaryimage\",\"url\":\"https:\/\/www.acluidaho.org\/app\/uploads\/2023\/03\/20230808_101240.jpg\",\"contentUrl\":\"https:\/\/www.acluidaho.org\/app\/uploads\/2023\/03\/20230808_101240.jpg\"},{\"@type\":\"WebSite\",\"@id\":\"https:\/\/www.acluidaho.org\/#website\",\"url\":\"https:\/\/www.acluidaho.org\/\",\"name\":\"ACLU of Idaho\",\"description\":\"\",\"publisher\":{\"@id\":\"https:\/\/www.acluidaho.org\/#organization\"},\"potentialAction\":[{\"@type\":\"SearchAction\",\"target\":{\"@type\":\"EntryPoint\",\"urlTemplate\":\"https:\/\/www.acluidaho.org\/?s={search_term_string}\"},\"query-input\":{\"@type\":\"PropertyValueSpecification\",\"valueRequired\":true,\"valueName\":\"search_term_string\"}}],\"inLanguage\":\"es-ES\"},{\"@type\":\"Organization\",\"@id\":\"https:\/\/www.acluidaho.org\/#organization\",\"name\":\"ACLU of Idaho\",\"url\":\"https:\/\/www.acluidaho.org\/\",\"logo\":{\"@type\":\"ImageObject\",\"inLanguage\":\"es-ES\",\"@id\":\"https:\/\/www.acluidaho.org\/#\/schema\/logo\/image\/\",\"url\":\"https:\/\/www.acluidaho.org\/app\/uploads\/2025\/09\/ACLU_Idaho_Moblie-Web_Color_RGB.png\",\"contentUrl\":\"https:\/\/www.acluidaho.org\/app\/uploads\/2025\/09\/ACLU_Idaho_Moblie-Web_Color_RGB.png\",\"width\":2084,\"height\":2084,\"caption\":\"ACLU of Idaho\"},\"image\":{\"@id\":\"https:\/\/www.acluidaho.org\/#\/schema\/logo\/image\/\"}}]}<\/script>\n<!-- \/ Yoast SEO plugin. -->","yoast_head_json":{"title":"Natalia - ACLU of Idaho","robots":{"index":"index","follow":"follow","max-snippet":"max-snippet:-1","max-image-preview":"max-image-preview:large","max-video-preview":"max-video-preview:-1"},"canonical":"https:\/\/www.acluidaho.org\/es\/natalia\/","og_locale":"es_ES","og_type":"article","og_title":"Natalia - ACLU of Idaho","og_description":"Natalia es una hispanoamericana de tercera generaci\u00f3n. Ha vivido en Idaho con su familia toda su vida y actualmente asiste a Liberty Charter en Nampa.&nbsp; Como Natalia comparti\u00f3 con nosotros, ella es solo uno de los pocos estudiantes hispanos que asisten a su escuela charter. La falta de representaci\u00f3n hispana entre sus compa\u00f1eros de clase [&hellip;]","og_url":"https:\/\/www.acluidaho.org\/es\/natalia\/","og_site_name":"ACLU of Idaho","og_image":[{"url":"https:\/\/www.acluidaho.org\/app\/uploads\/2023\/03\/20230808_101240.jpg","type":"","width":"","height":""}],"twitter_card":"summary_large_image","schema":{"@context":"https:\/\/schema.org","@graph":[{"@type":"WebPage","@id":"https:\/\/www.acluidaho.org\/es\/natalia\/","url":"https:\/\/www.acluidaho.org\/es\/natalia\/","name":"Natalia - ACLU of Idaho","isPartOf":{"@id":"https:\/\/www.acluidaho.org\/#website"},"primaryImageOfPage":{"@id":"https:\/\/www.acluidaho.org\/es\/natalia\/#primaryimage"},"image":{"@id":"https:\/\/www.acluidaho.org\/es\/natalia\/#primaryimage"},"thumbnailUrl":"https:\/\/www.acluidaho.org\/app\/uploads\/2023\/03\/20230808_101240.jpg","datePublished":"2023-08-09T20:00:00+00:00","inLanguage":"es-ES","potentialAction":[{"@type":"ReadAction","target":["https:\/\/www.acluidaho.org\/es\/natalia\/"]}]},{"@type":"ImageObject","inLanguage":"es-ES","@id":"https:\/\/www.acluidaho.org\/es\/natalia\/#primaryimage","url":"https:\/\/www.acluidaho.org\/app\/uploads\/2023\/03\/20230808_101240.jpg","contentUrl":"https:\/\/www.acluidaho.org\/app\/uploads\/2023\/03\/20230808_101240.jpg"},{"@type":"WebSite","@id":"https:\/\/www.acluidaho.org\/#website","url":"https:\/\/www.acluidaho.org\/","name":"ACLU of Idaho","description":"","publisher":{"@id":"https:\/\/www.acluidaho.org\/#organization"},"potentialAction":[{"@type":"SearchAction","target":{"@type":"EntryPoint","urlTemplate":"https:\/\/www.acluidaho.org\/?s={search_term_string}"},"query-input":{"@type":"PropertyValueSpecification","valueRequired":true,"valueName":"search_term_string"}}],"inLanguage":"es-ES"},{"@type":"Organization","@id":"https:\/\/www.acluidaho.org\/#organization","name":"ACLU of Idaho","url":"https:\/\/www.acluidaho.org\/","logo":{"@type":"ImageObject","inLanguage":"es-ES","@id":"https:\/\/www.acluidaho.org\/#\/schema\/logo\/image\/","url":"https:\/\/www.acluidaho.org\/app\/uploads\/2025\/09\/ACLU_Idaho_Moblie-Web_Color_RGB.png","contentUrl":"https:\/\/www.acluidaho.org\/app\/uploads\/2025\/09\/ACLU_Idaho_Moblie-Web_Color_RGB.png","width":2084,"height":2084,"caption":"ACLU of Idaho"},"image":{"@id":"https:\/\/www.acluidaho.org\/#\/schema\/logo\/image\/"}}]}},"distributor_meta":false,"distributor_terms":false,"distributor_media":false,"distributor_original_site_name":"ACLU of Idaho","distributor_original_site_url":"https:\/\/www.acluidaho.org\/es\/","push-errors":false,"_links":{"self":[{"href":"https:\/\/www.acluidaho.org\/es\/wp-json\/wp\/v2\/pages\/2080","targetHints":{"allow":["GET"]}}],"collection":[{"href":"https:\/\/www.acluidaho.org\/es\/wp-json\/wp\/v2\/pages"}],"about":[{"href":"https:\/\/www.acluidaho.org\/es\/wp-json\/wp\/v2\/types\/page"}],"replies":[{"embeddable":true,"href":"https:\/\/www.acluidaho.org\/es\/wp-json\/wp\/v2\/comments?post=2080"}],"version-history":[{"count":0,"href":"https:\/\/www.acluidaho.org\/es\/wp-json\/wp\/v2\/pages\/2080\/revisions"}],"wp:attachment":[{"href":"https:\/\/www.acluidaho.org\/es\/wp-json\/wp\/v2\/media?parent=2080"}],"curies":[{"name":"wp","href":"https:\/\/api.w.org\/{rel}","templated":true}]}}