{"id":7025,"date":"2026-08-18T22:27:55","date_gmt":"2026-08-19T04:27:55","guid":{"rendered":"https:\/\/www.acluidaho.org\/walks-of-life-faq\/"},"modified":"2026-08-19T22:53:38","modified_gmt":"2026-08-20T04:53:38","slug":"es-walks-of-life-faq","status":"publish","type":"page","link":"https:\/\/www.acluidaho.org\/es\/es-walks-of-life-faq\/","title":{"rendered":"Los Caminos de La Vida Preguntas Frecuentes"},"content":{"rendered":"","protected":false},"excerpt":{"rendered":"","protected":false},"author":18,"featured_media":0,"parent":0,"menu_order":0,"comment_status":"closed","ping_status":"closed","template":"","meta":{"_acf_changed":false,"_relevanssi_hide_post":"","_relevanssi_hide_content":"","_relevanssi_pin_for_all":"","_relevanssi_pin_keywords":"","_relevanssi_unpin_keywords":"","_relevanssi_related_keywords":"","_relevanssi_related_include_ids":"","_relevanssi_related_exclude_ids":"","_relevanssi_related_no_append":"","_relevanssi_related_not_related":"","_relevanssi_related_posts":"","_relevanssi_noindex_reason":"","footnotes":""},"class_list":["post-7025","page","type-page","status-publish","hentry"],"acf":{"layout":"default","header-group":{"header-description":"","show-subnav":false,"hide-from-subnav":false},"components":[{"acf_fc_layout":"accordion","accordion":{"turn_on_faq":true,"list_style":false,"accordion-title":"\u00bfC\u00f3mo se llevar\u00e1 a cabo este proyecto?","description":"Este proyecto tiene como objetivo recopilar al menos 100 historias biling\u00fces de personas inmigrantes en formato de audio de aproximadamente 2 minutos, acompa\u00f1adas de una transcripci\u00f3n para garantizar su accesibilidad.\r\n\r\nDespu\u00e9s, transformaremos esas historias en obras de arte interactivas que recorrer\u00e1n diferentes comunidades de Idaho.\r\nCrearemos c\u00f3digos QR que dirigir\u00e1n al p\u00fablico a cada historia y los colocaremos en zapatos intervenidos art\u00edsticamente para reflejar el esp\u00edritu y la esencia de cada relato.\r\n\r\nEl lanzamiento de este proyecto est\u00e1 programado para Mayo de 2027.","accordion-items":[{"title":"\u00bfQu\u00e9 es el artivismo?","content":"Un proyecto de artivismo combina el arte y el activismo para ayudar a las personas a comprender y responder a temas importantes. El arte es una herramienta poderosa para despertar la empat\u00eda, ya que puede abrir los corazones y las mentes a diferentes perspectivas y experiencias. A trav\u00e9s de la creatividad y la belleza del artivismo, buscamos compartir el mensaje de que las personas inmigrantes pertenecen aqu\u00ed e inspirar un cambio positivo en Idaho.","image_video_field_group":{"image_video_options":"image","image_group":{"image":null,"caption":"","credit":"","link-settings":"none","url":""},"video_group":{"video":null,"cover_image":null,"video_orientation":"standard"},"youtube_group":{"oembed-url":"","cover-image":null}}},{"title":"\u00bfPor qu\u00e9 es importante este proyecto?","content":"Las voces de nuestra comunidad inmigrante en Idaho han permanecido en silencio durante mucho tiempo por temor al aumento de medidas de control y aplicaci\u00f3n de leyes migratorias que afectan a personas inmigrantes sin antecedentes penales y a sus familias. Como resultado, personas ajenas a la experiencia de la comunidad inmigrante latina contin\u00faan difundiendo informaci\u00f3n falsa y narrativas da\u00f1inas.\r\n\r\nEste proyecto fue creado para dar visibilidad a las historias reales de nuestra comunidad inmigrante y contribuir a transformar la manera en que quienes sostienen posturas antiinmigrantes perciben a las personas inmigrantes, fomentando una mayor comprensi\u00f3n y empat\u00eda.","image_video_field_group":{"image_video_options":"image","image_group":{"image":null,"caption":"","credit":"","link-settings":"none","url":""},"video_group":{"video":null,"cover_image":null,"video_orientation":"standard"},"youtube_group":{"oembed-url":"","cover-image":null}}},{"title":"\u00bfQu\u00e9 har\u00e1 el ACLU of Idaho con mi historia?","content":"Recopilaremos las historias de personas inmigrantes y las traduciremos y transcribiremos para que est\u00e9n disponibles y sean accesibles tanto en ingl\u00e9s como en espa\u00f1ol, en formato escrito y de audio.\r\nPosteriormente, compartiremos las historias a trav\u00e9s de c\u00f3digos QR colocados en zapatos intervenidos art\u00edsticamente que se exhibir\u00e1n en diferentes comunidades de Idaho.\r\n\r\nNos reservamos el derecho de revisar las historias y realizar peque\u00f1os cambios para mejorar la claridad, ajustarlas al tiempo establecido y\/o proteger informaci\u00f3n sensible. Si una historia supera significativamente los dos minutos de duraci\u00f3n, requiere ediciones importantes o plantea alguna duda, el personal del programa SOMOS se pondr\u00e1 en contacto con la persona narradora para revisar los cambios en conjunto.\r\n\r\nEn todos los casos, el programa SOMOS ser\u00e1 responsable del control de calidad, la seguridad y protecci\u00f3n de las personas narradoras, as\u00ed como de garantizar la accesibilidad de las historias.","image_video_field_group":{"image_video_options":"image","image_group":{"image":null,"caption":"","credit":"","link-settings":"none","url":""},"video_group":{"video":null,"cover_image":null,"video_orientation":"standard"},"youtube_group":{"oembed-url":"","cover-image":null}}},{"title":"\u00bfC\u00f3mo se utilizar\u00e1n estas historias?","content":"Las historias ser\u00e1n recopiladas a trav\u00e9s de la plataforma Voicecast y se utilizar\u00e1n como parte de un proyecto de artivismo que se lanzar\u00e1 en Mayo de 2027. El proyecto recorrer\u00e1 (\u201cviajar\u00e1\u201d) diferentes ciudades y eventos en Idaho, compartiendo las historias de nuestra comunidad inmigrante con el p\u00fablico.\r\n\r\nMayo se ha convertido en un mes en el que personas y organizaciones de todo el pa\u00eds abogan por la protecci\u00f3n de los derechos laborales de las personas inmigrantes, la detenci\u00f3n de las deportaciones y la creaci\u00f3n de un camino hacia la ciudadan\u00eda.","image_video_field_group":{"image_video_options":"image","image_group":{"image":null,"caption":"","credit":"","link-settings":"none","url":""},"video_group":{"video":null,"cover_image":null,"video_orientation":"standard"},"youtube_group":{"oembed-url":"","cover-image":null}}},{"title":"\u00bfQu\u00e9 es Voicecast y qu\u00e9 pol\u00edticas de privacidad existen para proteger la identidad de las personas narradoras?","content":"Voicecast es una plataforma que recopila mensajes de audio, texto e historias de manera segura y accesible. VCT tambi\u00e9n toma medidas razonables para proteger sus datos contra accesos no autorizados, modificaciones o p\u00e9rdidas. La plataforma no comparte sus datos con terceros. La \u00fanica informaci\u00f3n que recopila incluye la informaci\u00f3n de su cuenta (lo que usted decida compartir al enviar su historia), su audio y datos de uso, como direcciones IP, tipo de navegador y registros de actividad, con el prop\u00f3sito de mejorar su servicio.\r\n\r\nLa plataforma \u00fanicamente solicitar\u00e1 un nombre y correo electr\u00f3nico al momento de recopilar su historia. Proporcionar su nombre e informaci\u00f3n de contacto siempre ser\u00e1 opcional. Si decide no proporcionar su informaci\u00f3n de contacto, no tendremos una manera de comunicarnos con usted. Si tiene alguna solicitud o pregunta sobre su env\u00edo, por favor env\u00ede un correo electr\u00f3nico a Rosseli Guerrero a RGuerrero@acluidaho.org\r\n\r\nSi decide proporcionar su nombre e informaci\u00f3n de contacto, solamente el personal de la ACLU de Idaho se comunicar\u00e1 con usted en los siguientes casos:\r\n<ul>\r\n \t<li>Si se realizan cambios importantes a su historia.<\/li>\r\n \t<li>Si deseamos utilizar su historia para otra campa\u00f1a o prop\u00f3sito.<\/li>\r\n \t<li>Si necesitamos verificar su consentimiento para compartirla.<\/li>\r\n<\/ul>\r\nACLU of Idaho tambi\u00e9n ha creado lineamientos internos de protecci\u00f3n junto con Voicecast para agregar una capa adicional de seguridad y protecci\u00f3n para las personas narradoras.\r\nPara consultar la pol\u00edtica de privacidad completa de Voicecast, visite:<a href=\"https:\/\/voicecast.app\/privacy\"> https:\/\/voicecast.app\/privacy<\/a>","image_video_field_group":{"image_video_options":"image","image_group":{"image":null,"caption":"","credit":"","link-settings":"none","url":""},"video_group":{"video":null,"cover_image":null,"video_orientation":"standard"},"youtube_group":{"oembed-url":"","cover-image":null}}},{"title":"\u00bfQui\u00e9nes pueden participar en este proyecto?","content":"Personas inmigrantes. Esto incluye a personas sin estatus migratorio, beneficiarios de DACA, personas con TPS, personas que anteriormente no ten\u00edan estatus migratorio y que ahora cuentan con un estatus legal (por ejemplo, residentes permanentes con una tarjeta de residencia (<em>green card<\/em>) o personas que ahora tienen ciudadan\u00eda), entre otras.\r\n\r\nNuevamente, el prop\u00f3sito de este proyecto es crear conciencia sobre que el camino hacia un estatus migratorio legal es complejo y que muchas personas inmigrantes han permanecido dentro de este proceso durante a\u00f1os.\r\n\r\nSabemos que actualmente existe mucha incertidumbre en el pa\u00eds y queremos asegurarle que su historia ser\u00e1 compartida con cuidado, respeto y sensibilidad.","image_video_field_group":{"image_video_options":"image","image_group":{"image":null,"caption":"","credit":"","link-settings":"none","url":""},"video_group":{"video":null,"cover_image":null,"video_orientation":"standard"},"youtube_group":{"oembed-url":"","cover-image":null}}},{"title":"\u00bfPor qu\u00e9 deber\u00eda participar en este proyecto?","content":"Compartir su historia es una forma de activismo. Al participar en este proyecto, usted se une a un esfuerzo para transformar las narrativas antiinmigrantes en nuestro estado.\r\n\r\nLas historias pueden cambiar la manera en que las personas no inmigrantes perciben a nuestra comunidad inmigrante; pueden abrir la puerta a conversaciones significativas, combatir narrativas da\u00f1inas sobre las personas inmigrantes y, con el tiempo, contribuir a cambios en pol\u00edticas p\u00fablicas que tengan un impacto positivo en nuestra comunidad.\r\nSu historia seguir\u00e1 viva a trav\u00e9s de los diferentes proyectos que la organizaci\u00f3n afiliada de la ACLU de Idaho desarrollar\u00e1 en el futuro.","image_video_field_group":{"image_video_options":"image","image_group":{"image":null,"caption":"","credit":"","link-settings":"none","url":""},"video_group":{"video":null,"cover_image":null,"video_orientation":"standard"},"youtube_group":{"oembed-url":"","cover-image":null}}},{"title":"\u00bfMi historia tiene que ser en ingl\u00e9s?","content":"No. Puede utilizar el idioma con el que se sienta m\u00e1s c\u00f3modo\/a. Todas las historias enviadas seran ser\u00e1n traducidas y disponibles en ingl\u00e9s y espa\u00f1ol.","image_video_field_group":{"image_video_options":"image","image_group":{"image":null,"caption":"","credit":"","link-settings":"none","url":""},"video_group":{"video":null,"cover_image":null,"video_orientation":"standard"},"youtube_group":{"oembed-url":"","cover-image":null}}},{"title":"\u00bfC\u00f3mo puedo grabar mi historia?","content":"Para participar, puede utilizar su tel\u00e9fono, computadora port\u00e1til u otro dispositivo electr\u00f3nico con acceso a internet y un micr\u00f3fono, si es necesario.\r\nSi no puede enviar un mensaje de audio, tambi\u00e9n puede participar enviando su historia por escrito a trav\u00e9s de Voicecast. Alguien narrar\u00e1 su historia para que pueda formar parte del proyecto.","image_video_field_group":{"image_video_options":"image","image_group":{"image":null,"caption":"","credit":"","link-settings":"none","url":""},"video_group":{"video":null,"cover_image":null,"video_orientation":"standard"},"youtube_group":{"oembed-url":"","cover-image":null}}},{"title":"\u00bfC\u00f3mo puedo participar en este proyecto?","content":"\u00a1Puede participar compartiendo su historia! Consulte nuestra <strong>Gu\u00eda para Narradores<\/strong> a continuaci\u00f3n para comenzar.","image_video_field_group":{"image_video_options":"image","image_group":{"image":null,"caption":"","credit":"","link-settings":"none","url":""},"video_group":{"video":null,"cover_image":null,"video_orientation":"standard"},"youtube_group":{"oembed-url":"","cover-image":null}}}]}},{"acf_fc_layout":"accordion","accordion":{"turn_on_faq":false,"list_style":false,"accordion-title":"Gu\u00eda para Narradores","description":"Despu\u00e9s de leer las Preguntas Frecuentes de Caminos de la Vida y comprender c\u00f3mo se utilizar\u00e1 su historia, aqu\u00ed encontrar\u00e1 una gu\u00eda paso a paso sobre c\u00f3mo puede formar parte de este proyecto.\r\n\r\nRecuerde mantener su historia con una duraci\u00f3n <strong>m\u00e1xima de 2 minutos<\/strong>","accordion-items":[{"title":"Paso 1: Consejos y gu\u00eda","content":"Antes de grabar tu historia, te recomendamos escribir lo que te gustar\u00eda compartir, ya sea mediante algunos puntos clave o un guion completo que puedas leer. Esto ayudar\u00e1 a que tu historia sea coherente y garantizar\u00e1 que no olvides ning\u00fan detalle importante.\r\n\r\n<strong>Su historia<\/strong><em><strong> NO debe durar m\u00e1s de dos minutos.<\/strong><\/em>\r\n\r\nPor favor, <strong>comparta \u00daNICAMENTE su primer nombre<\/strong> (no su apellido) para proteger tu privacidad.\r\n\r\n<strong>Mas informaci\u00f3n sobre las preguntas gu\u00eda:<\/strong>\r\n<ul>\r\n \t<li>Si necesitas ayuda para comenzar tu historia, puedes usar una de las siguientes plantillas. <strong>RECUERDA RESPONDER SOLAMENTE UNA DE LAS PREGUNTAS GU\u00cdA:<\/strong>\r\n<ul>\r\n \t<li>Mi nombre es _(primer nombre)__. Nac\u00ed en\/o soy originalmente de ____(estado y pais donde naciste)_____. AHORA CUENTA TU HISTORIA RESPONDIENDO <strong>SOLAMENTE UNA<\/strong> DE LAS PREGUNTAS.<\/li>\r\n<\/ul>\r\n<\/li>\r\n \t<li>Si necesitas m\u00e1s inspiraci\u00f3n para cada pregunta, aqu\u00ed tienes algunas ideas para desarrollarla.\r\n<ul>\r\n \t<li><strong>Inspiraci\u00f3n para la Opci\u00f3n 1:<\/strong> \u00bfCu\u00e1l fue la raz\u00f3n por la que viniste a este pa\u00eds?\u00bfC\u00f3mo era tu vida antes de venir a los Estados Unidos y qu\u00e9 te llev\u00f3 a tomar la decisi\u00f3n de venir?\u00bfC\u00f3mo imaginabas que ser\u00eda la vida aqu\u00ed?\u00bfQu\u00e9 es lo que m\u00e1s te ha sorprendido desde que llegaste?\u00bfEst\u00e1s feliz con la decisi\u00f3n de haber venido? \u00bfPor qu\u00e9 s\u00ed o por qu\u00e9 no?<\/li>\r\n \t<li><strong>Inspiraci\u00f3n para la Opci\u00f3n 2: <\/strong>\u00bfHubo desaf\u00edos u obst\u00e1culos que te sorprendieron?\u00bfHay algo que la gente suele decir sobre la inmigraci\u00f3n que no coincide con tu experiencia?\u00bfLa espera hizo que te perdieras momentos importantes, como cumplea\u00f1os, bodas, funerales, graduaciones o la oportunidad de ver a un ser querido antes de que falleciera?\u00bfC\u00f3mo afect\u00f3 esa experiencia a ti y a tu familia?<\/li>\r\n<\/ul>\r\n<\/li>\r\n<\/ul>\r\n<strong>Inspiraci\u00f3n para la Opci\u00f3n 3:<\/strong>\u00bfCu\u00e1nto tiempo tom\u00f3 el proceso para ti o para tu familia?\u00bfQu\u00e9 te gustar\u00eda que la gente supiera sobre lo largo, dif\u00edcil, costoso o incierto que puede ser el proceso?\u00bfQu\u00e9 obst\u00e1culos enfrentaste, como los costos de las solicitudes, el papeleo, encontrar ayuda legal, las barreras del idioma o los cambios en las pol\u00edticas migratorias?\r\n\r\n<strong>Consejos<\/strong>\r\n<ul>\r\n \t<li><strong>Enf\u00f3cate en describir, no solo en contar.<\/strong> Las met\u00e1foras, las comparaciones o las descripciones sensoriales ayudan a que la audiencia \"vea\" lo que est\u00e1s diciendo. Queremos que las personas sientan que est\u00e1n viviendo tu experiencia a trav\u00e9s de tu historia. Recuerda que el objetivo es educar a las personas que no son inmigrantes sobre el proceso migratorio y ayudar a cambiar las ideas equivocadas y los estereotipos negativos sobre los inmigrantes. Un mensaje claro tendr\u00e1 un impacto mucho mayor.<\/li>\r\n \t<li>Recuerda que <strong>esta es TU historia<\/strong>. <strong>Procura no compartir los nombres de otras personas sin su consentimiento.<\/strong> Si necesitas mencionar a alguien, intenta referirte a esa persona por la relaci\u00f3n que tiene contigo, por ejemplo: <em>\"mi pap\u00e1\"<\/em>, <em>\"mi amiga\"<\/em>, <em>\"mi abogado\"<\/em>, etc.<\/li>\r\n \t<li>S\u00e9 honesto(a) y <strong>recuerda que contar tu historia es un acto de valent\u00eda.<\/strong><\/li>\r\n<\/ul>","image_video_field_group":{"image_video_options":"image","image_group":{"image":null,"caption":"","credit":"","link-settings":"none","url":""},"video_group":{"video":null,"cover_image":null,"video_orientation":"standard"},"youtube_group":{"oembed-url":"","cover-image":null}}},{"title":"Paso 2: Espacio","content":"Es importante que la gente escuche su historia y un buen audio lo asegura. Aqu\u00ed van algunos consejos:\r\n<ol>\r\n \t<li>Encuentra una habitaci\u00f3n tranquila, lejos de ventanas, pasillos concurridos y superficies duras.Si puedes, si\u00e9ntate en una cama, sof\u00e1 o coj\u00edn para evitar ecos.<\/li>\r\n \t<li>Apaga aires acondicionados, ventiladores o electrodom\u00e9sticos que generen ruido ambiental y silencia las notificaciones de tu tel\u00e9fono.<\/li>\r\n \t<li>Coloca tu tel\u00e9fono sobre una superficie plana (como una pila de libros)<\/li>\r\n<\/ol>","image_video_field_group":{"image_video_options":"image","image_group":{"image":null,"caption":"","credit":"","link-settings":"none","url":""},"video_group":{"video":null,"cover_image":null,"video_orientation":"standard"},"youtube_group":{"oembed-url":"","cover-image":null}}},{"title":"Paso 3: Opciones de audio","content":"Este proyecto est\u00e1 basado en audio, por lo que se prefieren los mensajes de voz. Sin embargo, si tienes dificultades de accesibilidad relacionadas con el audio, tambi\u00e9n existe la opci\u00f3n de escribir tu historia para que sea narrada por otra voz. Haz clic aqu\u00ed y luego selecciona \"Text Message.\"","image_video_field_group":{"image_video_options":"image","image_group":{"image":null,"caption":"","credit":"","link-settings":"none","url":""},"video_group":{"video":null,"cover_image":null,"video_orientation":"standard"},"youtube_group":{"oembed-url":"","cover-image":null}}},{"title":"Paso 4: Despu\u00e9s de enviar tu grabaci\u00f3n","content":"Gracias por participar en nuestro proyecto Caminos de la Vida. Si compartes tu informaci\u00f3n de contacto con nosotros, te avisaremos cuando el proyecto sea lanzado. S\u00edguenos en nuestras redes sociales para mantenerte al tanto de todas las novedades, incluido el lanzamiento del proyecto. Si te interesa participar en otros proyectos, como nuestro programa SOMOS, comun\u00edcate con <a href=\"mailto:advoidaho@acluidaho.org\" target=\"_blank\" rel=\"noreferrer noopener\">advoidaho@acluidaho.org<\/a>","image_video_field_group":{"image_video_options":"image","image_group":{"image":null,"caption":"","credit":"","link-settings":"none","url":""},"video_group":{"video":null,"cover_image":null,"video_orientation":"standard"},"youtube_group":{"oembed-url":"","cover-image":null}}}]}},{"acf_fc_layout":"buttons","buttons":{"primary":{"text":"Enviar Historia","link":"https:\/\/voicecast.app\/loscaminosdelavida"},"secondary":{"text":"","link":""}}}],"section":null,"issues":"","related_content":"","documents":null},"yoast_head":"<!-- This site is optimized with the Yoast SEO plugin v24.9 - https:\/\/yoast.com\/wordpress\/plugins\/seo\/ -->\n<title>Los Caminos de La Vida Preguntas Frecuentes - ACLU of Idaho<\/title>\n<meta name=\"robots\" content=\"index, follow, max-snippet:-1, max-image-preview:large, max-video-preview:-1\" \/>\n<link rel=\"canonical\" href=\"https:\/\/www.acluidaho.org\/es\/es-walks-of-life-faq\/\" \/>\n<meta property=\"og:locale\" content=\"es_ES\" \/>\n<meta property=\"og:type\" content=\"article\" \/>\n<meta property=\"og:title\" content=\"Los Caminos de La Vida Preguntas Frecuentes - ACLU of Idaho\" \/>\n<meta property=\"og:url\" content=\"https:\/\/www.acluidaho.org\/es\/es-walks-of-life-faq\/\" \/>\n<meta property=\"og:site_name\" content=\"ACLU of Idaho\" \/>\n<meta property=\"article:modified_time\" content=\"2026-08-20T04:53:38+00:00\" \/>\n<meta property=\"og:image\" content=\"https:\/\/www.acluidaho.org\/app\/themes\/aclu-parent\/img\/default_fb_share.jpg\" \/>\n<meta name=\"twitter:card\" content=\"summary_large_image\" \/>\n<script type=\"application\/ld+json\" class=\"yoast-schema-graph\">{\"@context\":\"https:\/\/schema.org\",\"@graph\":[{\"@type\":\"WebPage\",\"@id\":\"https:\/\/www.acluidaho.org\/es\/es-walks-of-life-faq\/\",\"url\":\"https:\/\/www.acluidaho.org\/es\/es-walks-of-life-faq\/\",\"name\":\"Los Caminos de La Vida Preguntas Frecuentes - ACLU of Idaho\",\"isPartOf\":{\"@id\":\"https:\/\/www.acluidaho.org\/#website\"},\"datePublished\":\"2026-08-19T04:27:55+00:00\",\"dateModified\":\"2026-08-20T04:53:38+00:00\",\"inLanguage\":\"es-ES\",\"potentialAction\":[{\"@type\":\"ReadAction\",\"target\":[\"https:\/\/www.acluidaho.org\/es\/es-walks-of-life-faq\/\"]}]},{\"@type\":\"WebSite\",\"@id\":\"https:\/\/www.acluidaho.org\/#website\",\"url\":\"https:\/\/www.acluidaho.org\/\",\"name\":\"ACLU of Idaho\",\"description\":\"\",\"publisher\":{\"@id\":\"https:\/\/www.acluidaho.org\/#organization\"},\"potentialAction\":[{\"@type\":\"SearchAction\",\"target\":{\"@type\":\"EntryPoint\",\"urlTemplate\":\"https:\/\/www.acluidaho.org\/?s={search_term_string}\"},\"query-input\":{\"@type\":\"PropertyValueSpecification\",\"valueRequired\":true,\"valueName\":\"search_term_string\"}}],\"inLanguage\":\"es-ES\"},{\"@type\":\"Organization\",\"@id\":\"https:\/\/www.acluidaho.org\/#organization\",\"name\":\"ACLU of Idaho\",\"url\":\"https:\/\/www.acluidaho.org\/\",\"logo\":{\"@type\":\"ImageObject\",\"inLanguage\":\"es-ES\",\"@id\":\"https:\/\/www.acluidaho.org\/#\/schema\/logo\/image\/\",\"url\":\"https:\/\/www.acluidaho.org\/app\/uploads\/2025\/09\/ACLU_Idaho_Moblie-Web_Color_RGB.png\",\"contentUrl\":\"https:\/\/www.acluidaho.org\/app\/uploads\/2025\/09\/ACLU_Idaho_Moblie-Web_Color_RGB.png\",\"width\":2084,\"height\":2084,\"caption\":\"ACLU of Idaho\"},\"image\":{\"@id\":\"https:\/\/www.acluidaho.org\/#\/schema\/logo\/image\/\"}}]}<\/script>\n<!-- \/ Yoast SEO plugin. -->","yoast_head_json":{"title":"Los Caminos de La Vida Preguntas Frecuentes - ACLU of Idaho","robots":{"index":"index","follow":"follow","max-snippet":"max-snippet:-1","max-image-preview":"max-image-preview:large","max-video-preview":"max-video-preview:-1"},"canonical":"https:\/\/www.acluidaho.org\/es\/es-walks-of-life-faq\/","og_locale":"es_ES","og_type":"article","og_title":"Los Caminos de La Vida Preguntas Frecuentes - ACLU of Idaho","og_url":"https:\/\/www.acluidaho.org\/es\/es-walks-of-life-faq\/","og_site_name":"ACLU of Idaho","article_modified_time":"2026-08-20T04:53:38+00:00","og_image":[{"url":"https:\/\/www.acluidaho.org\/app\/themes\/aclu-parent\/img\/default_fb_share.jpg","type":"","width":"","height":""}],"twitter_card":"summary_large_image","schema":{"@context":"https:\/\/schema.org","@graph":[{"@type":"WebPage","@id":"https:\/\/www.acluidaho.org\/es\/es-walks-of-life-faq\/","url":"https:\/\/www.acluidaho.org\/es\/es-walks-of-life-faq\/","name":"Los Caminos de La Vida Preguntas Frecuentes - ACLU of Idaho","isPartOf":{"@id":"https:\/\/www.acluidaho.org\/#website"},"datePublished":"2026-08-19T04:27:55+00:00","dateModified":"2026-08-20T04:53:38+00:00","inLanguage":"es-ES","potentialAction":[{"@type":"ReadAction","target":["https:\/\/www.acluidaho.org\/es\/es-walks-of-life-faq\/"]}]},{"@type":"WebSite","@id":"https:\/\/www.acluidaho.org\/#website","url":"https:\/\/www.acluidaho.org\/","name":"ACLU of Idaho","description":"","publisher":{"@id":"https:\/\/www.acluidaho.org\/#organization"},"potentialAction":[{"@type":"SearchAction","target":{"@type":"EntryPoint","urlTemplate":"https:\/\/www.acluidaho.org\/?s={search_term_string}"},"query-input":{"@type":"PropertyValueSpecification","valueRequired":true,"valueName":"search_term_string"}}],"inLanguage":"es-ES"},{"@type":"Organization","@id":"https:\/\/www.acluidaho.org\/#organization","name":"ACLU of Idaho","url":"https:\/\/www.acluidaho.org\/","logo":{"@type":"ImageObject","inLanguage":"es-ES","@id":"https:\/\/www.acluidaho.org\/#\/schema\/logo\/image\/","url":"https:\/\/www.acluidaho.org\/app\/uploads\/2025\/09\/ACLU_Idaho_Moblie-Web_Color_RGB.png","contentUrl":"https:\/\/www.acluidaho.org\/app\/uploads\/2025\/09\/ACLU_Idaho_Moblie-Web_Color_RGB.png","width":2084,"height":2084,"caption":"ACLU of Idaho"},"image":{"@id":"https:\/\/www.acluidaho.org\/#\/schema\/logo\/image\/"}}]}},"distributor_meta":false,"distributor_terms":false,"distributor_media":false,"distributor_original_site_name":"ACLU of Idaho","distributor_original_site_url":"https:\/\/www.acluidaho.org\/es\/","push-errors":false,"_links":{"self":[{"href":"https:\/\/www.acluidaho.org\/es\/wp-json\/wp\/v2\/pages\/7025","targetHints":{"allow":["GET"]}}],"collection":[{"href":"https:\/\/www.acluidaho.org\/es\/wp-json\/wp\/v2\/pages"}],"about":[{"href":"https:\/\/www.acluidaho.org\/es\/wp-json\/wp\/v2\/types\/page"}],"author":[{"embeddable":true,"href":"https:\/\/www.acluidaho.org\/es\/wp-json\/wp\/v2\/users\/18"}],"replies":[{"embeddable":true,"href":"https:\/\/www.acluidaho.org\/es\/wp-json\/wp\/v2\/comments?post=7025"}],"version-history":[{"count":7,"href":"https:\/\/www.acluidaho.org\/es\/wp-json\/wp\/v2\/pages\/7025\/revisions"}],"predecessor-version":[{"id":7053,"href":"https:\/\/www.acluidaho.org\/es\/wp-json\/wp\/v2\/pages\/7025\/revisions\/7053"}],"wp:attachment":[{"href":"https:\/\/www.acluidaho.org\/es\/wp-json\/wp\/v2\/media?parent=7025"}],"curies":[{"name":"wp","href":"https:\/\/api.w.org\/{rel}","templated":true}]}}